{"id":6733,"date":"2026-07-16T09:39:50","date_gmt":"2026-07-16T09:39:50","guid":{"rendered":"https:\/\/test.kartonpack.hu\/?page_id=6733"},"modified":"2026-07-16T10:00:05","modified_gmt":"2026-07-16T10:00:05","slug":"bemutatkozas","status":"publish","type":"page","link":"https:\/\/test.kartonpack.hu\/en\/bemutatkozas\/","title":{"rendered":"Bemutatkoz\u00e1s"},"content":{"rendered":"<div data-elementor-type=\"wp-page\" data-elementor-id=\"6733\" class=\"elementor elementor-6733\" data-elementor-post-type=\"page\">\n\t\t\t\t<div class=\"elementor-element elementor-element-ccca258 e-flex e-con-boxed e-con e-parent\" data-id=\"ccca258\" data-element_type=\"container\" data-e-type=\"container\" data-settings=\"{&quot;background_background&quot;:&quot;classic&quot;,&quot;jet_parallax_layout_list&quot;:[]}\">\n\t\t\t\t\t<div class=\"e-con-inner\">\n\t\t<div class=\"elementor-element elementor-element-a04f831 e-con-full e-flex e-con e-child\" data-id=\"a04f831\" data-element_type=\"container\" data-e-type=\"container\" data-settings=\"{&quot;jet_parallax_layout_list&quot;:[]}\">\n\t\t\t\t<div class=\"elementor-element elementor-element-0da3f8f elementor-widget elementor-widget-heading\" data-id=\"0da3f8f\" data-element_type=\"widget\" data-e-type=\"widget\" data-widget_type=\"heading.default\">\n\t\t\t\t<div class=\"elementor-widget-container\">\n\t\t\t\t\t<h2 class=\"elementor-heading-title elementor-size-default\">About Us<\/h2>\t\t\t\t<\/div>\n\t\t\t\t<\/div>\n\t\t\t\t<div class=\"elementor-element elementor-element-0320c61 elementor-widget__width-initial elementor-widget elementor-widget-heading\" data-id=\"0320c61\" data-element_type=\"widget\" data-e-type=\"widget\" data-widget_type=\"heading.default\">\n\t\t\t\t<div class=\"elementor-widget-container\">\n\t\t\t\t\t<h2 class=\"elementor-heading-title elementor-size-default\">A Kartonpack t\u00f6bb mint 70 \u00e9ves tapasztalattal a magyar gy\u00f3gyszeripar egyik legmeghat\u00e1roz\u00f3bb csomagol\u00f3partnere. Amit k\u00e9pvisel\u00fcnk, az a min\u0151s\u00e9g, a megb\u00edzhat\u00f3s\u00e1g \u00e9s a hossz\u00fa t\u00e1v\u00fa, k\u00f6z\u00f6s siker.<\/h2>\t\t\t\t<\/div>\n\t\t\t\t<\/div>\n\t\t\t\t<\/div>\n\t\t\t\t\t<\/div>\n\t\t\t\t<\/div>\n\t\t<div class=\"elementor-element elementor-element-58cae22 e-flex e-con-boxed e-con e-parent\" data-id=\"58cae22\" data-element_type=\"container\" data-e-type=\"container\" data-settings=\"{&quot;jet_parallax_layout_list&quot;:[]}\">\n\t\t\t\t\t<div class=\"e-con-inner\">\n\t\t\t\t<div class=\"elementor-element elementor-element-6c7d41f elementor-widget elementor-widget-heading\" data-id=\"6c7d41f\" data-element_type=\"widget\" data-e-type=\"widget\" data-widget_type=\"heading.default\">\n\t\t\t\t<div class=\"elementor-widget-container\">\n\t\t\t\t\t<h2 class=\"elementor-heading-title elementor-size-default\">\u00d6r\u00f6ks\u00e9g, amelyre \u00e9p\u00edt\u00fcnk<\/h2>\t\t\t\t<\/div>\n\t\t\t\t<\/div>\n\t\t\t\t<div class=\"elementor-element elementor-element-22c71be elementor-widget elementor-widget-text-editor\" data-id=\"22c71be\" data-element_type=\"widget\" data-e-type=\"widget\" data-widget_type=\"text-editor.default\">\n\t\t\t\t<div class=\"elementor-widget-container\">\n\t\t\t\t\t\t\t\t\t<p>Jogel\u0151d\u00fcnk, a Debreceni K\u00f6nyvk\u00f6t\u0151 \u00e9s Dobozk\u00e9sz\u00edt\u0151 Kisiparosok Sz\u00f6vetkezete 1952-ben alakult. Az \u00e9vtizedek sor\u00e1n a k\u00e9zm\u0171ves pontoss\u00e1gb\u00f3l ipari fegyelem, a k\u00f6nyvk\u00f6t\u00e9szetb\u0151l a csomagol\u00f3eszk\u00f6z\u00f6k korszer\u0171 gy\u00e1rt\u00e1sa lett. Ma a legjellemz\u0151bb term\u00e9k\u00fcnk az ofszetnyomtat\u00e1ssal \u00e9s modern feldolgoz\u00f3 elj\u00e1r\u00e1sokkal k\u00e9sz\u00fcl\u0151 faltkarton doboz \u2014 m\u00f6g\u00f6tte azzal a tud\u00e1ssal \u00e9s ig\u00e9nyess\u00e9ggel, amely gener\u00e1ci\u00f3kon \u00e1t \u00e9p\u00fclt.<\/p>\t\t\t\t\t\t\t\t<\/div>\n\t\t\t\t<\/div>\n\t\t\t\t\t<\/div>\n\t\t\t\t<\/div>\n\t\t<div class=\"elementor-element elementor-element-ecaa592 e-flex e-con-boxed e-con e-parent\" data-id=\"ecaa592\" data-element_type=\"container\" data-e-type=\"container\" data-settings=\"{&quot;jet_parallax_layout_list&quot;:[]}\">\n\t\t\t\t\t<div class=\"e-con-inner\">\n\t\t\t\t<div class=\"elementor-element elementor-element-72d3f7d elementor-widget elementor-widget-heading\" data-id=\"72d3f7d\" data-element_type=\"widget\" data-e-type=\"widget\" data-widget_type=\"heading.default\">\n\t\t\t\t<div class=\"elementor-widget-container\">\n\t\t\t\t\t<h2 class=\"elementor-heading-title elementor-size-default\">Amiben j\u00f3k vagyunk<\/h2>\t\t\t\t<\/div>\n\t\t\t\t<\/div>\n\t\t\t\t<div class=\"elementor-element elementor-element-f5b682d elementor-widget elementor-widget-text-editor\" data-id=\"f5b682d\" data-element_type=\"widget\" data-e-type=\"widget\" data-widget_type=\"text-editor.default\">\n\t\t\t\t<div class=\"elementor-widget-container\">\n\t\t\t\t\t\t\t\t\t<p>A Kartonpack \u00e9vtizedek \u00f3ta megb\u00edzhat\u00f3 partnere a gy\u00f3gyszeripari szerepl\u0151knek, mik\u00f6zben meghat\u00e1roz\u00f3 szerepet t\u00f6lt be az \u00e9lelmiszeripari, kozmetikai \u00e9s egy\u00e9b fogyaszt\u00e1si cikkek csomagol\u00e1s\u00e1nak piac\u00e1n is. Legyen sz\u00f3 gy\u00f3gyszerdobozokr\u00f3l, betegt\u00e1j\u00e9koztat\u00f3kr\u00f3l, \u00e9lelmiszeripari csomagol\u00e1sokr\u00f3l, term\u00e9kdobozokr\u00f3l vagy sz\u00e1ll\u00edt\u00f3dobozokr\u00f3l, minden term\u00e9k k\u00f6z\u00e9ppontj\u00e1ban a min\u0151s\u00e9g, a pontoss\u00e1g \u00e9s a vev\u0151i ig\u00e9nyek marad\u00e9ktalan teljes\u00edt\u00e9se \u00e1ll.<\/p>\t\t\t\t\t\t\t\t<\/div>\n\t\t\t\t<\/div>\n\t\t\t\t\t<\/div>\n\t\t\t\t<\/div>\n\t\t<div class=\"elementor-element elementor-element-fa3fbcf e-con-full e-flex e-con e-parent\" data-id=\"fa3fbcf\" data-element_type=\"container\" data-e-type=\"container\" data-settings=\"{&quot;background_background&quot;:&quot;classic&quot;,&quot;jet_parallax_layout_list&quot;:[]}\">\n\t\t\t\t<div class=\"elementor-element elementor-element-47d8d87 elementor-widget__width-initial elementor-absolute elementor-hidden-tablet elementor-hidden-mobile elementor-widget elementor-widget-image\" data-id=\"47d8d87\" data-element_type=\"widget\" data-e-type=\"widget\" data-settings=\"{&quot;_position&quot;:&quot;absolute&quot;}\" data-widget_type=\"image.default\">\n\t\t\t\t<div class=\"elementor-widget-container\">\n\t\t\t\t\t\t\t\t\t\t\t\t\t\t\t<img decoding=\"async\" width=\"830\" height=\"441\" src=\"https:\/\/test.kartonpack.hu\/wp-content\/uploads\/2026\/07\/termek4.jpg\" class=\"attachment-full size-full wp-image-6667\" alt=\"\" srcset=\"https:\/\/test.kartonpack.hu\/wp-content\/uploads\/2026\/07\/termek4.jpg 830w, https:\/\/test.kartonpack.hu\/wp-content\/uploads\/2026\/07\/termek4-300x159.jpg 300w, https:\/\/test.kartonpack.hu\/wp-content\/uploads\/2026\/07\/termek4-768x408.jpg 768w, https:\/\/test.kartonpack.hu\/wp-content\/uploads\/2026\/07\/termek4-18x10.jpg 18w\" sizes=\"(max-width: 830px) 100vw, 830px\" \/>\t\t\t\t\t\t\t\t\t\t\t\t\t\t\t<\/div>\n\t\t\t\t<\/div>\n\t\t\t\t<div class=\"elementor-element elementor-element-d04ad85 elementor-widget__width-initial elementor-widget-mobile__width-inherit elementor-hidden-widescreen elementor-hidden-desktop elementor-hidden-laptop elementor-widget elementor-widget-image\" data-id=\"d04ad85\" data-element_type=\"widget\" data-e-type=\"widget\" data-widget_type=\"image.default\">\n\t\t\t\t<div class=\"elementor-widget-container\">\n\t\t\t\t\t\t\t\t\t\t\t\t\t\t\t<img decoding=\"async\" width=\"830\" height=\"441\" src=\"https:\/\/test.kartonpack.hu\/wp-content\/uploads\/2026\/07\/termek4-1.jpg\" class=\"attachment-full size-full wp-image-6673\" alt=\"\" srcset=\"https:\/\/test.kartonpack.hu\/wp-content\/uploads\/2026\/07\/termek4-1.jpg 830w, https:\/\/test.kartonpack.hu\/wp-content\/uploads\/2026\/07\/termek4-1-300x159.jpg 300w, https:\/\/test.kartonpack.hu\/wp-content\/uploads\/2026\/07\/termek4-1-768x408.jpg 768w, https:\/\/test.kartonpack.hu\/wp-content\/uploads\/2026\/07\/termek4-1-18x10.jpg 18w\" sizes=\"(max-width: 830px) 100vw, 830px\" \/>\t\t\t\t\t\t\t\t\t\t\t\t\t\t\t<\/div>\n\t\t\t\t<\/div>\n\t\t<div class=\"elementor-element elementor-element-cad9607 e-con-full e-flex e-con e-child\" data-id=\"cad9607\" data-element_type=\"container\" data-e-type=\"container\" data-settings=\"{&quot;jet_parallax_layout_list&quot;:[]}\">\n\t\t\t\t<div class=\"elementor-element elementor-element-489326e elementor-widget__width-initial elementor-widget-tablet__width-inherit elementor-widget elementor-widget-text-editor\" data-id=\"489326e\" data-element_type=\"widget\" data-e-type=\"widget\" data-widget_type=\"text-editor.default\">\n\t\t\t\t<div class=\"elementor-widget-container\">\n\t\t\t\t\t\t\t\t\t<p>Partnereinkkel szoros egy\u00fcttm\u0171k\u00f6d\u00e9sben dolgozunk a tervez\u00e9st\u0151l a gy\u00e1rt\u00e1sig, hogy a csomagol\u00e1s egyszerre biztos\u00edtsa a term\u00e9kv\u00e9delmet, a szab\u00e1lyoz\u00e1si megfelel\u00e9st \u00e9s a kiemelked\u0151 megjelen\u00e9st. Korszer\u0171 technol\u00f3gi\u00e1inknak, magas szint\u0171 szakmai tud\u00e1sunknak \u00e9s folyamatos fejleszt\u00e9seinknek k\u00f6sz\u00f6nhet\u0151en megb\u00edzhat\u00f3, k\u00f6lts\u00e9ghat\u00e9kony \u00e9s fenntarthat\u00f3 megold\u00e1sokat k\u00edn\u00e1lunk.<\/p><p>\u00dcgyfeleink sz\u00e1m\u00e1ra nem csup\u00e1n besz\u00e1ll\u00edt\u00f3k, hanem hossz\u00fa t\u00e1v\u00fa strat\u00e9giai partnerek vagyunk. A csomagol\u00e1s sz\u00e1munkra nem egyszer\u0171 term\u00e9k, hanem a biztons\u00e1g, a m\u00e1rka\u00e9p\u00edt\u00e9s \u00e9s a piaci siker egyik legfontosabb eszk\u00f6ze.<\/p>\t\t\t\t\t\t\t\t<\/div>\n\t\t\t\t<\/div>\n\t\t\t\t<\/div>\n\t\t<div class=\"elementor-element elementor-element-d61dda3 e-con-full elementor-hidden-tablet elementor-hidden-mobile e-flex e-con e-child\" data-id=\"d61dda3\" data-element_type=\"container\" data-e-type=\"container\" data-settings=\"{&quot;jet_parallax_layout_list&quot;:[]}\">\n\t\t\t\t<\/div>\n\t\t<div class=\"elementor-element elementor-element-fa68684 e-con-full elementor-hidden-tablet elementor-hidden-mobile e-flex e-con e-child\" data-id=\"fa68684\" data-element_type=\"container\" data-e-type=\"container\" data-settings=\"{&quot;background_background&quot;:&quot;classic&quot;,&quot;jet_parallax_layout_list&quot;:[]}\">\n\t\t\t\t<\/div>\n\t\t\t\t<\/div>\n\t\t<div class=\"elementor-element elementor-element-f82c13a e-flex e-con-boxed e-con e-parent\" data-id=\"f82c13a\" data-element_type=\"container\" data-e-type=\"container\" data-settings=\"{&quot;jet_parallax_layout_list&quot;:[]}\">\n\t\t\t\t\t<div class=\"e-con-inner\">\n\t\t\t\t<div class=\"elementor-element elementor-element-8eca05c elementor-widget elementor-widget-heading\" data-id=\"8eca05c\" data-element_type=\"widget\" data-e-type=\"widget\" data-widget_type=\"heading.default\">\n\t\t\t\t<div class=\"elementor-widget-container\">\n\t\t\t\t\t<h2 class=\"elementor-heading-title elementor-size-default\">Stabil h\u00e1tt\u00e9r, biztos j\u00f6v\u0151<\/h2>\t\t\t\t<\/div>\n\t\t\t\t<\/div>\n\t\t\t\t<div class=\"elementor-element elementor-element-83a016b elementor-widget elementor-widget-text-editor\" data-id=\"83a016b\" data-element_type=\"widget\" data-e-type=\"widget\" data-widget_type=\"text-editor.default\">\n\t\t\t\t<div class=\"elementor-widget-container\">\n\t\t\t\t\t\t\t\t\t<p>A Kartonpack m\u0171k\u00f6d\u00e9s\u00e9t stabil, hazai szakmai tulajdonosi h\u00e1tt\u00e9r t\u00e1mogatja: 2024 \u00f3ta a v\u00e1llalat a Color Pack tulajdon\u00e1ban \u00e1ll, ami kisz\u00e1m\u00edthat\u00f3 m\u0171k\u00f6d\u00e9st \u00e9s biztos alapokat jelent a tov\u00e1bbi fejl\u0151d\u00e9shez. A j\u00f3l ismert Kartonpack m\u00e1rkan\u00e9v \u00e9s a debreceni gy\u00e1rt\u00e1s megmarad, a f\u00f3kusz pedig v\u00e1ltozatlanul az alaptev\u00e9kenys\u00e9gen \u00e9s a gy\u00f3gyszeripari kiszolg\u00e1l\u00e1son van.<\/p>\t\t\t\t\t\t\t\t<\/div>\n\t\t\t\t<\/div>\n\t\t\t\t\t<\/div>\n\t\t\t\t<\/div>\n\t\t<div class=\"elementor-element elementor-element-404930d e-flex e-con-boxed e-con e-child\" data-id=\"404930d\" data-element_type=\"container\" data-e-type=\"container\" data-settings=\"{&quot;jet_parallax_layout_list&quot;:[]}\">\n\t\t\t\t\t<div class=\"e-con-inner\">\n\t\t<div class=\"elementor-element elementor-element-0fd49c0 e-con-full e-flex e-con e-child\" data-id=\"0fd49c0\" data-element_type=\"container\" data-e-type=\"container\" data-settings=\"{&quot;jet_parallax_layout_list&quot;:[]}\">\n\t\t\t\t<div class=\"elementor-element elementor-element-43975dd elementor-widget-mobile__width-initial elementor-view-default elementor-widget elementor-widget-icon\" data-id=\"43975dd\" data-element_type=\"widget\" data-e-type=\"widget\" data-widget_type=\"icon.default\">\n\t\t\t\t<div class=\"elementor-widget-container\">\n\t\t\t\t\t\t\t<div class=\"elementor-icon-wrapper\">\n\t\t\t<div class=\"elementor-icon\">\n\t\t\t<i aria-hidden=\"true\" class=\"fas fa-quote-left\"><\/i>\t\t\t<\/div>\n\t\t<\/div>\n\t\t\t\t\t\t<\/div>\n\t\t\t\t<\/div>\n\t\t\t\t<div class=\"elementor-element elementor-element-3315fe6 elementor-blockquote--skin-clean elementor-blockquote--align-center elementor-widget-laptop__width-initial elementor-widget elementor-widget-blockquote\" data-id=\"3315fe6\" data-element_type=\"widget\" data-e-type=\"widget\" data-widget_type=\"blockquote.default\">\n\t\t\t\t<div class=\"elementor-widget-container\">\n\t\t\t\t\t\t\t<blockquote class=\"elementor-blockquote\">\n\t\t\t<p class=\"elementor-blockquote__content\">\n\t\t\t\tA m\u00falt tapasztalata, a jelen technol\u00f3gi\u00e1ja \u00e9s a gy\u00f3gyszeripari f\u00f3kusz egy\u00fctt teremt hossz\u00fa t\u00e1v\u00fa bizalmat.\t\t\t<\/p>\n\t\t\t\t\t<\/blockquote>\n\t\t\t\t\t\t<\/div>\n\t\t\t\t<\/div>\n\t\t\t\t<div class=\"elementor-element elementor-element-c73ac74 elementor-widget-mobile__width-initial elementor-view-default elementor-widget elementor-widget-icon\" data-id=\"c73ac74\" data-element_type=\"widget\" data-e-type=\"widget\" data-widget_type=\"icon.default\">\n\t\t\t\t<div class=\"elementor-widget-container\">\n\t\t\t\t\t\t\t<div class=\"elementor-icon-wrapper\">\n\t\t\t<div class=\"elementor-icon\">\n\t\t\t<i aria-hidden=\"true\" class=\"fas fa-quote-right\"><\/i>\t\t\t<\/div>\n\t\t<\/div>\n\t\t\t\t\t\t<\/div>\n\t\t\t\t<\/div>\n\t\t\t\t<\/div>\n\t\t\t\t\t<\/div>\n\t\t\t\t<\/div>\n\t\t\t\t<\/div>","protected":false},"excerpt":{"rendered":"<p>R\u00f3lunk A Kartonpack t\u00f6bb mint 70 \u00e9ves tapasztalattal a magyar gy\u00f3gyszeripar egyik legmeghat\u00e1roz\u00f3bb csomagol\u00f3partnere. Amit k\u00e9pvisel\u00fcnk, az a min\u0151s\u00e9g, a megb\u00edzhat\u00f3s\u00e1g \u00e9s a hossz\u00fa t\u00e1v\u00fa, k\u00f6z\u00f6s siker. \u00d6r\u00f6ks\u00e9g, amelyre \u00e9p\u00edt\u00fcnk Jogel\u0151d\u00fcnk, a Debreceni K\u00f6nyvk\u00f6t\u0151 \u00e9s Dobozk\u00e9sz\u00edt\u0151 Kisiparosok Sz\u00f6vetkezete 1952-ben alakult. Az \u00e9vtizedek sor\u00e1n a k\u00e9zm\u0171ves pontoss\u00e1gb\u00f3l ipari fegyelem, a k\u00f6nyvk\u00f6t\u00e9szetb\u0151l a csomagol\u00f3eszk\u00f6z\u00f6k korszer\u0171 gy\u00e1rt\u00e1sa lett. [&hellip;]<\/p>\n","protected":false},"author":2,"featured_media":0,"parent":0,"menu_order":0,"comment_status":"closed","ping_status":"closed","template":"","meta":{"footnotes":""},"class_list":["post-6733","page","type-page","status-publish","hentry"],"yoast_head":"<!-- This site is optimized with the Yoast SEO Premium plugin v28.3 (Yoast SEO v28.4) - https:\/\/yoast.com\/product\/yoast-seo-premium-wordpress\/ -->\n<title>Bemutatkoz\u00e1s - Kartonpack<\/title>\n<meta name=\"description\" content=\"Kartonpack - A Color Pack Zrt.-n\u00e9l a csomagol\u00e1s t\u00f6bb mint egy doboz. Innov\u00e1ci\u00f3, fenntarthat\u00f3s\u00e1g \u00e9s \u00e9vtizedes szak\u00e9rtelem minden egyes term\u00e9k\u00fcnkben. Megb\u00edzhat\u00f3 csomagol\u00e1stechnikai megold\u00e1sokat k\u00edn\u00e1lunk az \u00e9lelmiszer-, non-food \u00e9s gy\u00f3gyszeripar sz\u00e1m\u00e1ra.1\" \/>\n<meta name=\"robots\" content=\"index, follow, max-snippet:-1, max-image-preview:large, max-video-preview:-1\" \/>\n<link rel=\"canonical\" href=\"https:\/\/test.kartonpack.hu\/en\/bemutatkozas\/\" \/>\n<meta property=\"og:locale\" content=\"en_US\" \/>\n<meta property=\"og:type\" content=\"article\" \/>\n<meta property=\"og:title\" content=\"Bemutatkoz\u00e1s - Kartonpack\" \/>\n<meta property=\"og:description\" content=\"Kartonpack - A Color Pack Zrt.-n\u00e9l a csomagol\u00e1s t\u00f6bb mint egy doboz. Innov\u00e1ci\u00f3, fenntarthat\u00f3s\u00e1g \u00e9s \u00e9vtizedes szak\u00e9rtelem minden egyes term\u00e9k\u00fcnkben. Megb\u00edzhat\u00f3 csomagol\u00e1stechnikai megold\u00e1sokat k\u00edn\u00e1lunk az \u00e9lelmiszer-, non-food \u00e9s gy\u00f3gyszeripar sz\u00e1m\u00e1ra.1\" \/>\n<meta property=\"og:url\" content=\"https:\/\/test.kartonpack.hu\/en\/bemutatkozas\/\" \/>\n<meta property=\"og:site_name\" content=\"Kartonpack\" \/>\n<meta property=\"article:publisher\" content=\"https:\/\/www.facebook.com\/profile.php?id=100063640926339\" \/>\n<meta property=\"article:modified_time\" content=\"2026-07-16T10:00:05+00:00\" \/>\n<meta property=\"og:image\" content=\"https:\/\/test.kartonpack.hu\/wp-content\/uploads\/2026\/07\/termek4.jpg\" \/>\n<meta name=\"twitter:card\" content=\"summary_large_image\" \/>\n<meta name=\"twitter:label1\" content=\"Est. reading time\" \/>\n\t<meta name=\"twitter:data1\" content=\"2 minutes\" \/>\n<script type=\"application\/ld+json\" class=\"yoast-schema-graph\">{\"@context\":\"https:\\\/\\\/schema.org\",\"@graph\":[{\"@type\":\"WebPage\",\"@id\":\"https:\\\/\\\/test.kartonpack.hu\\\/bemutatkozas\\\/\",\"url\":\"https:\\\/\\\/test.kartonpack.hu\\\/bemutatkozas\\\/\",\"name\":\"Bemutatkoz\u00e1s - Kartonpack\",\"isPartOf\":{\"@id\":\"https:\\\/\\\/test.kartonpack.hu\\\/#website\"},\"primaryImageOfPage\":{\"@id\":\"https:\\\/\\\/test.kartonpack.hu\\\/bemutatkozas\\\/#primaryimage\"},\"image\":{\"@id\":\"https:\\\/\\\/test.kartonpack.hu\\\/bemutatkozas\\\/#primaryimage\"},\"thumbnailUrl\":\"https:\\\/\\\/test.kartonpack.hu\\\/wp-content\\\/uploads\\\/2026\\\/07\\\/termek4.jpg\",\"datePublished\":\"2026-07-16T09:39:50+00:00\",\"dateModified\":\"2026-07-16T10:00:05+00:00\",\"description\":\"Kartonpack - A Color Pack Zrt.-n\u00e9l a csomagol\u00e1s t\u00f6bb mint egy doboz. Innov\u00e1ci\u00f3, fenntarthat\u00f3s\u00e1g \u00e9s \u00e9vtizedes szak\u00e9rtelem minden egyes term\u00e9k\u00fcnkben. Megb\u00edzhat\u00f3 csomagol\u00e1stechnikai megold\u00e1sokat k\u00edn\u00e1lunk az \u00e9lelmiszer-, non-food \u00e9s gy\u00f3gyszeripar sz\u00e1m\u00e1ra.1\",\"breadcrumb\":{\"@id\":\"https:\\\/\\\/test.kartonpack.hu\\\/bemutatkozas\\\/#breadcrumb\"},\"inLanguage\":\"en-US\",\"potentialAction\":[{\"@type\":\"ReadAction\",\"target\":[\"https:\\\/\\\/test.kartonpack.hu\\\/bemutatkozas\\\/\"]}]},{\"@type\":\"ImageObject\",\"inLanguage\":\"en-US\",\"@id\":\"https:\\\/\\\/test.kartonpack.hu\\\/bemutatkozas\\\/#primaryimage\",\"url\":\"https:\\\/\\\/test.kartonpack.hu\\\/wp-content\\\/uploads\\\/2026\\\/07\\\/termek4.jpg\",\"contentUrl\":\"https:\\\/\\\/test.kartonpack.hu\\\/wp-content\\\/uploads\\\/2026\\\/07\\\/termek4.jpg\"},{\"@type\":\"BreadcrumbList\",\"@id\":\"https:\\\/\\\/test.kartonpack.hu\\\/bemutatkozas\\\/#breadcrumb\",\"itemListElement\":[{\"@type\":\"ListItem\",\"position\":1,\"name\":\"Kezd\u0151lap\",\"item\":\"https:\\\/\\\/test.kartonpack.hu\\\/\"},{\"@type\":\"ListItem\",\"position\":2,\"name\":\"Bemutatkoz\u00e1s\"}]},{\"@type\":\"WebSite\",\"@id\":\"https:\\\/\\\/test.kartonpack.hu\\\/#website\",\"url\":\"https:\\\/\\\/test.kartonpack.hu\\\/\",\"name\":\"Color Pack\",\"description\":\"Dobozipari Z\u00e1rtk\u00f6r\u0171en M\u0171k\u00f6d\u0151 R\u00e9szv\u00e9nyt\u00e1rsas\u00e1g\",\"publisher\":{\"@id\":\"https:\\\/\\\/test.kartonpack.hu\\\/#organization\"},\"potentialAction\":[{\"@type\":\"SearchAction\",\"target\":{\"@type\":\"EntryPoint\",\"urlTemplate\":\"https:\\\/\\\/test.kartonpack.hu\\\/?s={search_term_string}\"},\"query-input\":{\"@type\":\"PropertyValueSpecification\",\"valueRequired\":true,\"valueName\":\"search_term_string\"}}],\"inLanguage\":\"en-US\"},{\"@type\":\"Organization\",\"@id\":\"https:\\\/\\\/test.kartonpack.hu\\\/#organization\",\"name\":\"Color Pack Nyomdaipari \u00e9s Csomagol\u00f3anyag Gy\u00e1rt\u00f3 Zrt.\",\"url\":\"https:\\\/\\\/test.kartonpack.hu\\\/\",\"logo\":{\"@type\":\"ImageObject\",\"inLanguage\":\"en-US\",\"@id\":\"https:\\\/\\\/test.kartonpack.hu\\\/#\\\/schema\\\/logo\\\/image\\\/\",\"url\":\"https:\\\/\\\/test.kartonpack.hu\\\/wp-content\\\/uploads\\\/2026\\\/08\\\/kartonpack_logo-yellow.svg\",\"contentUrl\":\"https:\\\/\\\/test.kartonpack.hu\\\/wp-content\\\/uploads\\\/2026\\\/08\\\/kartonpack_logo-yellow.svg\",\"width\":418.80000000000001136868377216160297393798828125,\"height\":50.89999999999999857891452847979962825775146484375,\"caption\":\"Color Pack Nyomdaipari \u00e9s Csomagol\u00f3anyag Gy\u00e1rt\u00f3 Zrt.\"},\"image\":{\"@id\":\"https:\\\/\\\/test.kartonpack.hu\\\/#\\\/schema\\\/logo\\\/image\\\/\"},\"sameAs\":[\"https:\\\/\\\/www.facebook.com\\\/profile.php?id=100063640926339\",\"https:\\\/\\\/www.linkedin.com\\\/company\\\/color-pack-co-\\\/\"],\"description\":\"A Color Pack Zrt. vil\u00e1gsz\u00ednvonal\u00fa nyomdai \u00e9s csomagol\u00f3ipari tervez\u0151 \u00e9s kivitelez\u0151i sszolg\u00e1ltat\u00e1s\u00e1t a magasan k\u00e9pzett szakembereink \u00e9s korszer\u0171 m\u0171szaki h\u00e1tter\u00fcnk teszi lehet\u0151v\u00e9. Elk\u00f6telezettek vagyunk amellett, hogy folyamatosan l\u00e9p\u00e9st tartsunk a fejl\u0151d\u00e9ssel, meg\u00fajuljunk, \u00e9s \u00e9len j\u00e1rjunk az \u00faj technol\u00f3gi\u00e1k, term\u00e9kek \u00e9s szolg\u00e1ltat\u00e1sok bevezet\u00e9s\u00e9ben \u2013 mindig partnereink ig\u00e9nyeihez igazodva.\",\"email\":\"info@test.kartonpack.hu\",\"telephone\":\"+36 (42) 433-845\",\"legalName\":\"Color Pack Zrt.\",\"foundingDate\":\"1990-12-18\",\"taxID\":\"10470222-2-15\",\"numberOfEmployees\":{\"@type\":\"QuantitativeValue\",\"minValue\":\"51\",\"maxValue\":\"200\"}}]}<\/script>\n<!-- \/ Yoast SEO Premium plugin. -->","yoast_head_json":{"title":"Bemutatkoz\u00e1s - Kartonpack","description":"Kartonpack - A Color Pack Zrt.-n\u00e9l a csomagol\u00e1s t\u00f6bb mint egy doboz. Innov\u00e1ci\u00f3, fenntarthat\u00f3s\u00e1g \u00e9s \u00e9vtizedes szak\u00e9rtelem minden egyes term\u00e9k\u00fcnkben. Megb\u00edzhat\u00f3 csomagol\u00e1stechnikai megold\u00e1sokat k\u00edn\u00e1lunk az \u00e9lelmiszer-, non-food \u00e9s gy\u00f3gyszeripar sz\u00e1m\u00e1ra.1","robots":{"index":"index","follow":"follow","max-snippet":"max-snippet:-1","max-image-preview":"max-image-preview:large","max-video-preview":"max-video-preview:-1"},"canonical":"https:\/\/test.kartonpack.hu\/en\/bemutatkozas\/","og_locale":"en_US","og_type":"article","og_title":"Bemutatkoz\u00e1s - Kartonpack","og_description":"Kartonpack - A Color Pack Zrt.-n\u00e9l a csomagol\u00e1s t\u00f6bb mint egy doboz. Innov\u00e1ci\u00f3, fenntarthat\u00f3s\u00e1g \u00e9s \u00e9vtizedes szak\u00e9rtelem minden egyes term\u00e9k\u00fcnkben. Megb\u00edzhat\u00f3 csomagol\u00e1stechnikai megold\u00e1sokat k\u00edn\u00e1lunk az \u00e9lelmiszer-, non-food \u00e9s gy\u00f3gyszeripar sz\u00e1m\u00e1ra.1","og_url":"https:\/\/test.kartonpack.hu\/en\/bemutatkozas\/","og_site_name":"Kartonpack","article_publisher":"https:\/\/www.facebook.com\/profile.php?id=100063640926339","article_modified_time":"2026-07-16T10:00:05+00:00","og_image":[{"url":"https:\/\/test.kartonpack.hu\/wp-content\/uploads\/2026\/07\/termek4.jpg","type":"","width":"","height":""}],"twitter_card":"summary_large_image","twitter_misc":{"Est. reading time":"2 minutes"},"schema":{"@context":"https:\/\/schema.org","@graph":[{"@type":"WebPage","@id":"https:\/\/test.kartonpack.hu\/bemutatkozas\/","url":"https:\/\/test.kartonpack.hu\/bemutatkozas\/","name":"Bemutatkoz\u00e1s - Kartonpack","isPartOf":{"@id":"https:\/\/test.kartonpack.hu\/#website"},"primaryImageOfPage":{"@id":"https:\/\/test.kartonpack.hu\/bemutatkozas\/#primaryimage"},"image":{"@id":"https:\/\/test.kartonpack.hu\/bemutatkozas\/#primaryimage"},"thumbnailUrl":"https:\/\/test.kartonpack.hu\/wp-content\/uploads\/2026\/07\/termek4.jpg","datePublished":"2026-07-16T09:39:50+00:00","dateModified":"2026-07-16T10:00:05+00:00","description":"Kartonpack - A Color Pack Zrt.-n\u00e9l a csomagol\u00e1s t\u00f6bb mint egy doboz. Innov\u00e1ci\u00f3, fenntarthat\u00f3s\u00e1g \u00e9s \u00e9vtizedes szak\u00e9rtelem minden egyes term\u00e9k\u00fcnkben. Megb\u00edzhat\u00f3 csomagol\u00e1stechnikai megold\u00e1sokat k\u00edn\u00e1lunk az \u00e9lelmiszer-, non-food \u00e9s gy\u00f3gyszeripar sz\u00e1m\u00e1ra.1","breadcrumb":{"@id":"https:\/\/test.kartonpack.hu\/bemutatkozas\/#breadcrumb"},"inLanguage":"en-US","potentialAction":[{"@type":"ReadAction","target":["https:\/\/test.kartonpack.hu\/bemutatkozas\/"]}]},{"@type":"ImageObject","inLanguage":"en-US","@id":"https:\/\/test.kartonpack.hu\/bemutatkozas\/#primaryimage","url":"https:\/\/test.kartonpack.hu\/wp-content\/uploads\/2026\/07\/termek4.jpg","contentUrl":"https:\/\/test.kartonpack.hu\/wp-content\/uploads\/2026\/07\/termek4.jpg"},{"@type":"BreadcrumbList","@id":"https:\/\/test.kartonpack.hu\/bemutatkozas\/#breadcrumb","itemListElement":[{"@type":"ListItem","position":1,"name":"Kezd\u0151lap","item":"https:\/\/test.kartonpack.hu\/"},{"@type":"ListItem","position":2,"name":"Bemutatkoz\u00e1s"}]},{"@type":"WebSite","@id":"https:\/\/test.kartonpack.hu\/#website","url":"https:\/\/test.kartonpack.hu\/","name":"Color Pack","description":"Dobozipari Z\u00e1rtk\u00f6r\u0171en M\u0171k\u00f6d\u0151 R\u00e9szv\u00e9nyt\u00e1rsas\u00e1g","publisher":{"@id":"https:\/\/test.kartonpack.hu\/#organization"},"potentialAction":[{"@type":"SearchAction","target":{"@type":"EntryPoint","urlTemplate":"https:\/\/test.kartonpack.hu\/?s={search_term_string}"},"query-input":{"@type":"PropertyValueSpecification","valueRequired":true,"valueName":"search_term_string"}}],"inLanguage":"en-US"},{"@type":"Organization","@id":"https:\/\/test.kartonpack.hu\/#organization","name":"Color Pack Nyomdaipari \u00e9s Csackol\u00f3anyag Gy\u00e1rt\u00f3 Zrt.","url":"https:\/\/test.kartonpack.hu\/","logo":{"@type":"ImageObject","inLanguage":"en-US","@id":"https:\/\/test.kartonpack.hu\/#\/schema\/logo\/image\/","url":"https:\/\/test.kartonpack.hu\/wp-content\/uploads\/2026\/08\/kartonpack_logo-yellow.svg","contentUrl":"https:\/\/test.kartonpack.hu\/wp-content\/uploads\/2026\/08\/kartonpack_logo-yellow.svg","width":418.80000000000001136868377216160297393798828125,"height":50.89999999999999857891452847979962825775146484375,"caption":"Color Pack Nyomdaipari \u00e9s Csomagol\u00f3anyag Gy\u00e1rt\u00f3 Zrt."},"image":{"@id":"https:\/\/test.kartonpack.hu\/#\/schema\/logo\/image\/"},"sameAs":["https:\/\/www.facebook.com\/profile.php?id=100063640926339","https:\/\/www.linkedin.com\/company\/color-pack-co-\/"],"description":"A Color Pack Zrt. vil\u00e1gsz\u00ednvonal\u00fa nyomdai \u00e9s csomagol\u00f3ipari tervez\u0151 \u00e9s kivitelez\u0151i sszolg\u00e1ltat\u00e1s\u00e1t a magasan k\u00e9pzett szakembereink \u00e9s korszer\u0171 m\u0171szaki h\u00e1tter\u00fcnk teszi lehet\u0151v\u00e9. Elk\u00f6telezettek vagyunk amellett, hogy folyamatosan l\u00e9p\u00e9st tartsunk a fejl\u0151d\u00e9ssel, meg\u00fajuljunk, \u00e9s \u00e9len j\u00e1rjunk az \u00faj technol\u00f3gi\u00e1k, term\u00e9kek \u00e9s szolg\u00e1ltat\u00e1sok bevezet\u00e9s\u00e9ben \u2013 mindig partnereink ig\u00e9nyeihez igazodva.","email":"info@test.kartonpack.hu","telephone":"+36 (42) 433-845","legalName":"Color Pack Zrt.","foundingDate":"1990-12-18","taxID":"10470222-2-15","numberOfEmployees":{"@type":"QuantitativeValue","minValue":"51","maxValue":"200"}}]}},"_links":{"self":[{"href":"https:\/\/test.kartonpack.hu\/en\/wp-json\/wp\/v2\/pages\/6733","targetHints":{"allow":["GET"]}}],"collection":[{"href":"https:\/\/test.kartonpack.hu\/en\/wp-json\/wp\/v2\/pages"}],"about":[{"href":"https:\/\/test.kartonpack.hu\/en\/wp-json\/wp\/v2\/types\/page"}],"author":[{"embeddable":true,"href":"https:\/\/test.kartonpack.hu\/en\/wp-json\/wp\/v2\/users\/2"}],"replies":[{"embeddable":true,"href":"https:\/\/test.kartonpack.hu\/en\/wp-json\/wp\/v2\/comments?post=6733"}],"version-history":[{"count":18,"href":"https:\/\/test.kartonpack.hu\/en\/wp-json\/wp\/v2\/pages\/6733\/revisions"}],"predecessor-version":[{"id":6755,"href":"https:\/\/test.kartonpack.hu\/en\/wp-json\/wp\/v2\/pages\/6733\/revisions\/6755"}],"wp:attachment":[{"href":"https:\/\/test.kartonpack.hu\/en\/wp-json\/wp\/v2\/media?parent=6733"}],"curies":[{"name":"wp","href":"https:\/\/api.w.org\/{rel}","templated":true}]}}