{"id":471,"date":"2024-02-29T12:53:41","date_gmt":"2024-02-29T12:53:41","guid":{"rendered":"https:\/\/colorpack.webforyou.dev\/?page_id=471"},"modified":"2025-10-21T06:55:09","modified_gmt":"2025-10-21T06:55:09","slug":"tanacsadas","status":"publish","type":"page","link":"https:\/\/test.kartonpack.hu\/en\/tanacsadas\/","title":{"rendered":"Tan\u00e1csad\u00e1s"},"content":{"rendered":"<div data-elementor-type=\"wp-page\" data-elementor-id=\"471\" class=\"elementor elementor-471\" data-elementor-post-type=\"page\">\n\t\t\t\t<div class=\"elementor-element elementor-element-638dc11 e-flex e-con-boxed e-con e-parent\" data-id=\"638dc11\" data-element_type=\"container\" data-e-type=\"container\" data-settings=\"{&quot;background_background&quot;:&quot;classic&quot;,&quot;jet_parallax_layout_list&quot;:[]}\">\n\t\t\t\t\t<div class=\"e-con-inner\">\n\t\t\t\t<div class=\"elementor-element elementor-element-8973796 elementor-widget elementor-widget-heading\" data-id=\"8973796\" data-element_type=\"widget\" data-e-type=\"widget\" data-widget_type=\"heading.default\">\n\t\t\t\t<div class=\"elementor-widget-container\">\n\t\t\t\t\t<h2 class=\"elementor-heading-title elementor-size-default\">Tan\u00e1csad\u00e1s<\/h2>\t\t\t\t<\/div>\n\t\t\t\t<\/div>\n\t\t\t\t<div class=\"elementor-element elementor-element-15754c6 elementor-widget elementor-widget-heading\" data-id=\"15754c6\" data-element_type=\"widget\" data-e-type=\"widget\" data-widget_type=\"heading.default\">\n\t\t\t\t<div class=\"elementor-widget-container\">\n\t\t\t\t\t<h2 class=\"elementor-heading-title elementor-size-default\">Lorem ipsum placed here<\/h2>\t\t\t\t<\/div>\n\t\t\t\t<\/div>\n\t\t\t\t<div class=\"elementor-element elementor-element-d5e1532 elementor-widget elementor-widget-button\" data-id=\"d5e1532\" data-element_type=\"widget\" data-e-type=\"widget\" data-widget_type=\"button.default\">\n\t\t\t\t<div class=\"elementor-widget-container\">\n\t\t\t\t\t\t\t\t\t<div class=\"elementor-button-wrapper\">\n\t\t\t\t\t<a class=\"elementor-button elementor-button-link elementor-size-sm\" href=\"#\">\n\t\t\t\t\t\t<span class=\"elementor-button-content-wrapper\">\n\t\t\t\t\t\t\t\t\t<span class=\"elementor-button-text\">CONTACT<\/span>\n\t\t\t\t\t<\/span>\n\t\t\t\t\t<\/a>\n\t\t\t\t<\/div>\n\t\t\t\t\t\t\t\t<\/div>\n\t\t\t\t<\/div>\n\t\t\t\t\t<\/div>\n\t\t\t\t<\/div>\n\t\t<div class=\"elementor-element elementor-element-823aad3 e-flex e-con-boxed e-con e-parent\" data-id=\"823aad3\" data-element_type=\"container\" data-e-type=\"container\" data-settings=\"{&quot;jet_parallax_layout_list&quot;:[]}\">\n\t\t\t\t\t<div class=\"e-con-inner\">\n\t\t<div class=\"elementor-element elementor-element-20f59e8 e-con-full e-flex e-con e-child\" data-id=\"20f59e8\" data-element_type=\"container\" data-e-type=\"container\" data-settings=\"{&quot;jet_parallax_layout_list&quot;:[]}\">\n\t\t\t\t<div class=\"elementor-element elementor-element-b548262 elementor-widget elementor-widget-heading\" data-id=\"b548262\" data-element_type=\"widget\" data-e-type=\"widget\" data-widget_type=\"heading.default\">\n\t\t\t\t<div class=\"elementor-widget-container\">\n\t\t\t\t\t<h2 class=\"elementor-heading-title elementor-size-default\">Partners\u00e9g<\/h2>\t\t\t\t<\/div>\n\t\t\t\t<\/div>\n\t\t\t\t<div class=\"elementor-element elementor-element-ee9feef elementor-widget elementor-widget-text-editor\" data-id=\"ee9feef\" data-element_type=\"widget\" data-e-type=\"widget\" data-widget_type=\"text-editor.default\">\n\t\t\t\t<div class=\"elementor-widget-container\">\n\t\t\t\t\t\t\t\t\t<p>Minden vev\u0151 egyedi ig\u00e9nyekkel \u00e9rkezik hozz\u00e1nk: elt\u00e9r\u0151 elk\u00e9pzel\u00e9sekkel a megjelen\u00e9st, m\u00e9retet, sz\u00ednvil\u00e1got \u00e9s funkcionalit\u00e1st illet\u0151en. Mi, \u00e9vtizedes szakmai tapasztalattal rendelkez\u0151 csapatk\u00e9nt, azon dolgozunk, hogy seg\u00edts\u00fcnk abban, hogyan val\u00f3s\u00edthat\u00f3 meg minden egyes elk\u00e9pzel\u00e9s a leggazdas\u00e1gosabban, leginnovat\u00edvabban. Szenved\u00e9llyel vessz\u00fck fel a kih\u00edv\u00e1st, amikor olyan term\u00e9kek megalkot\u00e1s\u00e1ban vehet\u00fcnk r\u00e9szt, melyek egyed\u00fcl\u00e1ll\u00f3ak \u00e9s eredetiek.<\/p>\t\t\t\t\t\t\t\t<\/div>\n\t\t\t\t<\/div>\n\t\t\t\t<\/div>\n\t\t<div class=\"elementor-element elementor-element-39aec2c e-con-full e-flex e-con e-child\" data-id=\"39aec2c\" data-element_type=\"container\" data-e-type=\"container\" data-settings=\"{&quot;jet_parallax_layout_list&quot;:[]}\">\n\t\t<div class=\"elementor-element elementor-element-10648d8 e-con-full e-grid e-con e-child\" data-id=\"10648d8\" data-element_type=\"container\" data-e-type=\"container\" data-settings=\"{&quot;jet_parallax_layout_list&quot;:[]}\">\n\t\t\t\t<div class=\"elementor-element elementor-element-baafcd2 elementor-widget-widescreen__width-auto elementor-widget elementor-widget-text-editor\" data-id=\"baafcd2\" data-element_type=\"widget\" data-e-type=\"widget\" data-widget_type=\"text-editor.default\">\n\t\t\t\t<div class=\"elementor-widget-container\">\n\t\t\t\t\t\t\t\t\t<p>Tan\u00e1csad\u00e1sunk sor\u00e1n alaposan felm\u00e9rj\u00fck az \u00fcgyfelek ig\u00e9nyeit, \u00e9s egy\u00fcttm\u0171k\u00f6dve, partners\u00e9gben val\u00f3s\u00edtjuk meg a meg\u00e1lmodott term\u00e9keket. A szem\u00e9lyess\u00e9g \u00e9s k\u00f6z\u00f6s gondolkod\u00e1s kiemelt szerepet kap n\u00e1lunk.<\/p><p>\u00dcgyfeleinkkel val\u00f3 szoros egy\u00fcttm\u0171k\u00f6d\u00e9sben hangs\u00falyt fektet\u00fcnk arra, hogy mindenki kiel\u00e9g\u00edt\u0151 figyelmet \u00e9s t\u00f6r\u0151d\u00e9st kapjon t\u0151l\u00fcnk. \u00dcgyfeleink el\u00e9gedetts\u00e9ge nem csup\u00e1n c\u00e9lunk, hanem b\u00fcszkes\u00e9g\u00fcnk is, \u00e9s ebben rejlik a val\u00f3di siker\u00fcnk titka.<\/p>\t\t\t\t\t\t\t\t<\/div>\n\t\t\t\t<\/div>\n\t\t\t\t<div class=\"elementor-element elementor-element-b289c83 elementor-widget__width-auto elementor-widget-tablet__width-inherit elementor-widget-mobile__width-inherit elementor-widget elementor-widget-image\" data-id=\"b289c83\" data-element_type=\"widget\" data-e-type=\"widget\" data-widget_type=\"image.default\">\n\t\t\t\t<div class=\"elementor-widget-container\">\n\t\t\t\t\t\t\t\t\t\t\t\t\t\t\t<img decoding=\"async\" width=\"816\" height=\"432\" src=\"https:\/\/test.kartonpack.hu\/wp-content\/uploads\/2024\/02\/Rectangle-63-2.png\" class=\"attachment-full size-full wp-image-477\" alt=\"\" srcset=\"https:\/\/test.kartonpack.hu\/wp-content\/uploads\/2024\/02\/Rectangle-63-2.png 816w, https:\/\/test.kartonpack.hu\/wp-content\/uploads\/2024\/02\/Rectangle-63-2-300x159.png 300w, https:\/\/test.kartonpack.hu\/wp-content\/uploads\/2024\/02\/Rectangle-63-2-768x407.png 768w\" sizes=\"(max-width: 816px) 100vw, 816px\" \/>\t\t\t\t\t\t\t\t\t\t\t\t\t\t\t<\/div>\n\t\t\t\t<\/div>\n\t\t\t\t<\/div>\n\t\t\t\t<\/div>\n\t\t\t\t\t<\/div>\n\t\t\t\t<\/div>\n\t\t<div class=\"elementor-element elementor-element-5235187 e-flex e-con-boxed e-con e-parent\" data-id=\"5235187\" data-element_type=\"container\" data-e-type=\"container\" data-settings=\"{&quot;jet_parallax_layout_list&quot;:[]}\">\n\t\t\t\t\t<div class=\"e-con-inner\">\n\t\t<div class=\"elementor-element elementor-element-85c2126 e-con-full e-flex e-con e-child\" data-id=\"85c2126\" data-element_type=\"container\" data-e-type=\"container\" data-settings=\"{&quot;jet_parallax_layout_list&quot;:[]}\">\n\t\t\t\t<div class=\"elementor-element elementor-element-14d9d58 elementor-widget elementor-widget-heading\" data-id=\"14d9d58\" data-element_type=\"widget\" data-e-type=\"widget\" data-widget_type=\"heading.default\">\n\t\t\t\t<div class=\"elementor-widget-container\">\n\t\t\t\t\t<h2 class=\"elementor-heading-title elementor-size-default\">Why choose us?<\/h2>\t\t\t\t<\/div>\n\t\t\t\t<\/div>\n\t\t\t\t<div class=\"elementor-element elementor-element-2728d56 elementor-widget elementor-widget-text-editor\" data-id=\"2728d56\" data-element_type=\"widget\" data-e-type=\"widget\" data-widget_type=\"text-editor.default\">\n\t\t\t\t<div class=\"elementor-widget-container\">\n\t\t\t\t\t\t\t\t\t<p>K\u00f6zvetlen, szem\u00e9lyes kapcsolattart\u00e1ssal figyel\u00fcnk partnereink ig\u00e9nyeire, \u00e9s alapelveink k\u00f6z\u00f6tt szerepel, hogy \u00fcgyfeleink elk\u00e9pzel\u00e9sei maxim\u00e1lisan megval\u00f3suljanak. C\u00e9lunk, hogy partnereink c\u00e9g\u00e9nek tev\u00e9kenys\u00e9ge \u00e9s \u00e9rt\u00e9krendje olyan m\u00f3don jelenjen meg az \u00e1ltalunk kivitelezett csomagol\u00e1son, ahogyan azt meg\u00e1lmodt\u00e1k.<\/p><p>N\u00e1lunk egy helyen ig\u00e9nyelheti csomagol\u00e1stechnikai terveit \u00e9s elk\u00e9pzel\u00e9seit. Modern technol\u00f3gi\u00e1nk lehet\u0151v\u00e9 teszi, hogy a XXI. sz\u00e1zad min\u0151s\u00e9gi kih\u00edv\u00e1sainak \u00e9s elv\u00e1r\u00e1sainak maxim\u00e1lisan eleget tegy\u00fcnk. B\u00fcszk\u00e9k vagyunk arra, hogy 30 \u00e9v tapasztalat\u00e1val \u00e9s min\u0151s\u00e9gig\u00e9ny\u00e9vel a legkiv\u00e1l\u00f3bb szolg\u00e1ltat\u00e1st ny\u00fajtjuk \u00fcgyfeleinknek.<\/p><p>Koll\u00e9g\u00e1ink elk\u00f6telezettek abban, hogy k\u00f6zvetlen kapcsolattart\u00e1ssal megismerj\u00e9k \u00fcgyfeleink ig\u00e9nyeit, \u00e9s szorosan egy\u00fcttm\u0171k\u00f6djenek vel\u00fck az egyedi megold\u00e1sok kidolgoz\u00e1sa \u00e9rdek\u00e9ben. \u00cdgy biztos\u00edtjuk, hogy az \u00e1ltalunk tervezett \u00e9s gy\u00e1rtott csomagol\u00e1s teljes m\u00e9rt\u00e9kben kifejezze \u00fcgyfeleink egyedi v\u00e1llalati karakter\u00e9t \u00e9s term\u00e9keik min\u0151s\u00e9g\u00e9t.<\/p>\t\t\t\t\t\t\t\t<\/div>\n\t\t\t\t<\/div>\n\t\t\t\t<\/div>\n\t\t\t\t\t<\/div>\n\t\t\t\t<\/div>\n\t\t\t\t<\/div>","protected":false},"excerpt":{"rendered":"<p>Tan\u00e1csad\u00e1s Lorem ipsum placed here KAPCSOLAT Partners\u00e9g Minden vev\u0151 egyedi ig\u00e9nyekkel \u00e9rkezik hozz\u00e1nk: elt\u00e9r\u0151 elk\u00e9pzel\u00e9sekkel a megjelen\u00e9st, m\u00e9retet, sz\u00ednvil\u00e1got \u00e9s funkcionalit\u00e1st illet\u0151en. Mi, \u00e9vtizedes szakmai tapasztalattal rendelkez\u0151 csapatk\u00e9nt, azon dolgozunk, hogy seg\u00edts\u00fcnk abban, hogyan val\u00f3s\u00edthat\u00f3 meg minden egyes elk\u00e9pzel\u00e9s a leggazdas\u00e1gosabban, leginnovat\u00edvabban. Szenved\u00e9llyel vessz\u00fck fel a kih\u00edv\u00e1st, amikor olyan term\u00e9kek megalkot\u00e1s\u00e1ban vehet\u00fcnk r\u00e9szt, melyek egyed\u00fcl\u00e1ll\u00f3ak [&hellip;]<\/p>\n","protected":false},"author":1,"featured_media":0,"parent":0,"menu_order":0,"comment_status":"closed","ping_status":"closed","template":"elementor_header_footer","meta":{"footnotes":""},"class_list":["post-471","page","type-page","status-publish","hentry"],"yoast_head":"<!-- This site is optimized with the Yoast SEO Premium plugin v28.3 (Yoast SEO v28.4) - https:\/\/yoast.com\/product\/yoast-seo-premium-wordpress\/ -->\n<title>Tan\u00e1csad\u00e1s - Kartonpack<\/title>\n<meta name=\"description\" content=\"Kartonpack - A Color Pack Zrt.-n\u00e9l a csomagol\u00e1s t\u00f6bb mint egy doboz. Innov\u00e1ci\u00f3, fenntarthat\u00f3s\u00e1g \u00e9s \u00e9vtizedes szak\u00e9rtelem minden egyes term\u00e9k\u00fcnkben. Megb\u00edzhat\u00f3 csomagol\u00e1stechnikai megold\u00e1sokat k\u00edn\u00e1lunk az \u00e9lelmiszer-, non-food \u00e9s gy\u00f3gyszeripar sz\u00e1m\u00e1ra.1\" \/>\n<meta name=\"robots\" content=\"index, follow, max-snippet:-1, max-image-preview:large, max-video-preview:-1\" \/>\n<link rel=\"canonical\" href=\"https:\/\/test.kartonpack.hu\/en\/tanacsadas\/\" \/>\n<meta property=\"og:locale\" content=\"en_US\" \/>\n<meta property=\"og:type\" content=\"article\" \/>\n<meta property=\"og:title\" content=\"Tan\u00e1csad\u00e1s - Kartonpack\" \/>\n<meta property=\"og:description\" content=\"Kartonpack - A Color Pack Zrt.-n\u00e9l a csomagol\u00e1s t\u00f6bb mint egy doboz. Innov\u00e1ci\u00f3, fenntarthat\u00f3s\u00e1g \u00e9s \u00e9vtizedes szak\u00e9rtelem minden egyes term\u00e9k\u00fcnkben. Megb\u00edzhat\u00f3 csomagol\u00e1stechnikai megold\u00e1sokat k\u00edn\u00e1lunk az \u00e9lelmiszer-, non-food \u00e9s gy\u00f3gyszeripar sz\u00e1m\u00e1ra.1\" \/>\n<meta property=\"og:url\" content=\"https:\/\/test.kartonpack.hu\/en\/tanacsadas\/\" \/>\n<meta property=\"og:site_name\" content=\"Kartonpack\" \/>\n<meta property=\"article:publisher\" content=\"https:\/\/www.facebook.com\/profile.php?id=100063640926339\" \/>\n<meta property=\"article:modified_time\" content=\"2025-10-21T06:55:09+00:00\" \/>\n<meta property=\"og:image\" content=\"https:\/\/test.kartonpack.hu\/wp-content\/uploads\/2024\/02\/Rectangle-63-2.png\" \/>\n<meta name=\"twitter:card\" content=\"summary_large_image\" \/>\n<meta name=\"twitter:label1\" content=\"Est. reading time\" \/>\n\t<meta name=\"twitter:data1\" content=\"2 minutes\" \/>\n<script type=\"application\/ld+json\" class=\"yoast-schema-graph\">{\"@context\":\"https:\\\/\\\/schema.org\",\"@graph\":[{\"@type\":\"WebPage\",\"@id\":\"https:\\\/\\\/test.kartonpack.hu\\\/tanacsadas\\\/\",\"url\":\"https:\\\/\\\/test.kartonpack.hu\\\/tanacsadas\\\/\",\"name\":\"Tan\u00e1csad\u00e1s - Kartonpack\",\"isPartOf\":{\"@id\":\"https:\\\/\\\/test.kartonpack.hu\\\/#website\"},\"primaryImageOfPage\":{\"@id\":\"https:\\\/\\\/test.kartonpack.hu\\\/tanacsadas\\\/#primaryimage\"},\"image\":{\"@id\":\"https:\\\/\\\/test.kartonpack.hu\\\/tanacsadas\\\/#primaryimage\"},\"thumbnailUrl\":\"https:\\\/\\\/test.kartonpack.hu\\\/wp-content\\\/uploads\\\/2024\\\/02\\\/Rectangle-63-2.png\",\"datePublished\":\"2024-02-29T12:53:41+00:00\",\"dateModified\":\"2025-10-21T06:55:09+00:00\",\"description\":\"Kartonpack - A Color Pack Zrt.-n\u00e9l a csomagol\u00e1s t\u00f6bb mint egy doboz. Innov\u00e1ci\u00f3, fenntarthat\u00f3s\u00e1g \u00e9s \u00e9vtizedes szak\u00e9rtelem minden egyes term\u00e9k\u00fcnkben. Megb\u00edzhat\u00f3 csomagol\u00e1stechnikai megold\u00e1sokat k\u00edn\u00e1lunk az \u00e9lelmiszer-, non-food \u00e9s gy\u00f3gyszeripar sz\u00e1m\u00e1ra.1\",\"breadcrumb\":{\"@id\":\"https:\\\/\\\/test.kartonpack.hu\\\/tanacsadas\\\/#breadcrumb\"},\"inLanguage\":\"en-US\",\"potentialAction\":[{\"@type\":\"ReadAction\",\"target\":[\"https:\\\/\\\/test.kartonpack.hu\\\/tanacsadas\\\/\"]}]},{\"@type\":\"ImageObject\",\"inLanguage\":\"en-US\",\"@id\":\"https:\\\/\\\/test.kartonpack.hu\\\/tanacsadas\\\/#primaryimage\",\"url\":\"https:\\\/\\\/test.kartonpack.hu\\\/wp-content\\\/uploads\\\/2024\\\/02\\\/Rectangle-63-2.png\",\"contentUrl\":\"https:\\\/\\\/test.kartonpack.hu\\\/wp-content\\\/uploads\\\/2024\\\/02\\\/Rectangle-63-2.png\"},{\"@type\":\"BreadcrumbList\",\"@id\":\"https:\\\/\\\/test.kartonpack.hu\\\/tanacsadas\\\/#breadcrumb\",\"itemListElement\":[{\"@type\":\"ListItem\",\"position\":1,\"name\":\"Kezd\u0151lap\",\"item\":\"https:\\\/\\\/test.kartonpack.hu\\\/\"},{\"@type\":\"ListItem\",\"position\":2,\"name\":\"Tan\u00e1csad\u00e1s\"}]},{\"@type\":\"WebSite\",\"@id\":\"https:\\\/\\\/test.kartonpack.hu\\\/#website\",\"url\":\"https:\\\/\\\/test.kartonpack.hu\\\/\",\"name\":\"Color Pack\",\"description\":\"Dobozipari Z\u00e1rtk\u00f6r\u0171en M\u0171k\u00f6d\u0151 R\u00e9szv\u00e9nyt\u00e1rsas\u00e1g\",\"publisher\":{\"@id\":\"https:\\\/\\\/test.kartonpack.hu\\\/#organization\"},\"potentialAction\":[{\"@type\":\"SearchAction\",\"target\":{\"@type\":\"EntryPoint\",\"urlTemplate\":\"https:\\\/\\\/test.kartonpack.hu\\\/?s={search_term_string}\"},\"query-input\":{\"@type\":\"PropertyValueSpecification\",\"valueRequired\":true,\"valueName\":\"search_term_string\"}}],\"inLanguage\":\"en-US\"},{\"@type\":\"Organization\",\"@id\":\"https:\\\/\\\/test.kartonpack.hu\\\/#organization\",\"name\":\"Color Pack Nyomdaipari \u00e9s Csomagol\u00f3anyag Gy\u00e1rt\u00f3 Zrt.\",\"url\":\"https:\\\/\\\/test.kartonpack.hu\\\/\",\"logo\":{\"@type\":\"ImageObject\",\"inLanguage\":\"en-US\",\"@id\":\"https:\\\/\\\/test.kartonpack.hu\\\/#\\\/schema\\\/logo\\\/image\\\/\",\"url\":\"https:\\\/\\\/test.kartonpack.hu\\\/wp-content\\\/uploads\\\/2026\\\/08\\\/kartonpack_logo-yellow.svg\",\"contentUrl\":\"https:\\\/\\\/test.kartonpack.hu\\\/wp-content\\\/uploads\\\/2026\\\/08\\\/kartonpack_logo-yellow.svg\",\"width\":418.80000000000001136868377216160297393798828125,\"height\":50.89999999999999857891452847979962825775146484375,\"caption\":\"Color Pack Nyomdaipari \u00e9s Csomagol\u00f3anyag Gy\u00e1rt\u00f3 Zrt.\"},\"image\":{\"@id\":\"https:\\\/\\\/test.kartonpack.hu\\\/#\\\/schema\\\/logo\\\/image\\\/\"},\"sameAs\":[\"https:\\\/\\\/www.facebook.com\\\/profile.php?id=100063640926339\",\"https:\\\/\\\/www.linkedin.com\\\/company\\\/color-pack-co-\\\/\"],\"description\":\"A Color Pack Zrt. vil\u00e1gsz\u00ednvonal\u00fa nyomdai \u00e9s csomagol\u00f3ipari tervez\u0151 \u00e9s kivitelez\u0151i sszolg\u00e1ltat\u00e1s\u00e1t a magasan k\u00e9pzett szakembereink \u00e9s korszer\u0171 m\u0171szaki h\u00e1tter\u00fcnk teszi lehet\u0151v\u00e9. Elk\u00f6telezettek vagyunk amellett, hogy folyamatosan l\u00e9p\u00e9st tartsunk a fejl\u0151d\u00e9ssel, meg\u00fajuljunk, \u00e9s \u00e9len j\u00e1rjunk az \u00faj technol\u00f3gi\u00e1k, term\u00e9kek \u00e9s szolg\u00e1ltat\u00e1sok bevezet\u00e9s\u00e9ben \u2013 mindig partnereink ig\u00e9nyeihez igazodva.\",\"email\":\"info@test.kartonpack.hu\",\"telephone\":\"+36 (42) 433-845\",\"legalName\":\"Color Pack Zrt.\",\"foundingDate\":\"1990-12-18\",\"taxID\":\"10470222-2-15\",\"numberOfEmployees\":{\"@type\":\"QuantitativeValue\",\"minValue\":\"51\",\"maxValue\":\"200\"}}]}<\/script>\n<!-- \/ Yoast SEO Premium plugin. -->","yoast_head_json":{"title":"Tan\u00e1csad\u00e1s - Kartonpack","description":"Kartonpack - A Color Pack Zrt.-n\u00e9l a csomagol\u00e1s t\u00f6bb mint egy doboz. Innov\u00e1ci\u00f3, fenntarthat\u00f3s\u00e1g \u00e9s \u00e9vtizedes szak\u00e9rtelem minden egyes term\u00e9k\u00fcnkben. Megb\u00edzhat\u00f3 csomagol\u00e1stechnikai megold\u00e1sokat k\u00edn\u00e1lunk az \u00e9lelmiszer-, non-food \u00e9s gy\u00f3gyszeripar sz\u00e1m\u00e1ra.1","robots":{"index":"index","follow":"follow","max-snippet":"max-snippet:-1","max-image-preview":"max-image-preview:large","max-video-preview":"max-video-preview:-1"},"canonical":"https:\/\/test.kartonpack.hu\/en\/tanacsadas\/","og_locale":"en_US","og_type":"article","og_title":"Tan\u00e1csad\u00e1s - Kartonpack","og_description":"Kartonpack - A Color Pack Zrt.-n\u00e9l a csomagol\u00e1s t\u00f6bb mint egy doboz. Innov\u00e1ci\u00f3, fenntarthat\u00f3s\u00e1g \u00e9s \u00e9vtizedes szak\u00e9rtelem minden egyes term\u00e9k\u00fcnkben. Megb\u00edzhat\u00f3 csomagol\u00e1stechnikai megold\u00e1sokat k\u00edn\u00e1lunk az \u00e9lelmiszer-, non-food \u00e9s gy\u00f3gyszeripar sz\u00e1m\u00e1ra.1","og_url":"https:\/\/test.kartonpack.hu\/en\/tanacsadas\/","og_site_name":"Kartonpack","article_publisher":"https:\/\/www.facebook.com\/profile.php?id=100063640926339","article_modified_time":"2025-10-21T06:55:09+00:00","og_image":[{"url":"https:\/\/test.kartonpack.hu\/wp-content\/uploads\/2024\/02\/Rectangle-63-2.png","type":"","width":"","height":""}],"twitter_card":"summary_large_image","twitter_misc":{"Est. reading time":"2 minutes"},"schema":{"@context":"https:\/\/schema.org","@graph":[{"@type":"WebPage","@id":"https:\/\/test.kartonpack.hu\/tanacsadas\/","url":"https:\/\/test.kartonpack.hu\/tanacsadas\/","name":"Tan\u00e1csad\u00e1s - Kartonpack","isPartOf":{"@id":"https:\/\/test.kartonpack.hu\/#website"},"primaryImageOfPage":{"@id":"https:\/\/test.kartonpack.hu\/tanacsadas\/#primaryimage"},"image":{"@id":"https:\/\/test.kartonpack.hu\/tanacsadas\/#primaryimage"},"thumbnailUrl":"https:\/\/test.kartonpack.hu\/wp-content\/uploads\/2024\/02\/Rectangle-63-2.png","datePublished":"2024-02-29T12:53:41+00:00","dateModified":"2025-10-21T06:55:09+00:00","description":"Kartonpack - A Color Pack Zrt.-n\u00e9l a csomagol\u00e1s t\u00f6bb mint egy doboz. Innov\u00e1ci\u00f3, fenntarthat\u00f3s\u00e1g \u00e9s \u00e9vtizedes szak\u00e9rtelem minden egyes term\u00e9k\u00fcnkben. Megb\u00edzhat\u00f3 csomagol\u00e1stechnikai megold\u00e1sokat k\u00edn\u00e1lunk az \u00e9lelmiszer-, non-food \u00e9s gy\u00f3gyszeripar sz\u00e1m\u00e1ra.1","breadcrumb":{"@id":"https:\/\/test.kartonpack.hu\/tanacsadas\/#breadcrumb"},"inLanguage":"en-US","potentialAction":[{"@type":"ReadAction","target":["https:\/\/test.kartonpack.hu\/tanacsadas\/"]}]},{"@type":"ImageObject","inLanguage":"en-US","@id":"https:\/\/test.kartonpack.hu\/tanacsadas\/#primaryimage","url":"https:\/\/test.kartonpack.hu\/wp-content\/uploads\/2024\/02\/Rectangle-63-2.png","contentUrl":"https:\/\/test.kartonpack.hu\/wp-content\/uploads\/2024\/02\/Rectangle-63-2.png"},{"@type":"BreadcrumbList","@id":"https:\/\/test.kartonpack.hu\/tanacsadas\/#breadcrumb","itemListElement":[{"@type":"ListItem","position":1,"name":"Kezd\u0151lap","item":"https:\/\/test.kartonpack.hu\/"},{"@type":"ListItem","position":2,"name":"Tan\u00e1csad\u00e1s"}]},{"@type":"WebSite","@id":"https:\/\/test.kartonpack.hu\/#website","url":"https:\/\/test.kartonpack.hu\/","name":"Color Pack","description":"Dobozipari Z\u00e1rtk\u00f6r\u0171en M\u0171k\u00f6d\u0151 R\u00e9szv\u00e9nyt\u00e1rsas\u00e1g","publisher":{"@id":"https:\/\/test.kartonpack.hu\/#organization"},"potentialAction":[{"@type":"SearchAction","target":{"@type":"EntryPoint","urlTemplate":"https:\/\/test.kartonpack.hu\/?s={search_term_string}"},"query-input":{"@type":"PropertyValueSpecification","valueRequired":true,"valueName":"search_term_string"}}],"inLanguage":"en-US"},{"@type":"Organization","@id":"https:\/\/test.kartonpack.hu\/#organization","name":"Color Pack Nyomdaipari \u00e9s Csackol\u00f3anyag Gy\u00e1rt\u00f3 Zrt.","url":"https:\/\/test.kartonpack.hu\/","logo":{"@type":"ImageObject","inLanguage":"en-US","@id":"https:\/\/test.kartonpack.hu\/#\/schema\/logo\/image\/","url":"https:\/\/test.kartonpack.hu\/wp-content\/uploads\/2026\/08\/kartonpack_logo-yellow.svg","contentUrl":"https:\/\/test.kartonpack.hu\/wp-content\/uploads\/2026\/08\/kartonpack_logo-yellow.svg","width":418.80000000000001136868377216160297393798828125,"height":50.89999999999999857891452847979962825775146484375,"caption":"Color Pack Nyomdaipari \u00e9s Csomagol\u00f3anyag Gy\u00e1rt\u00f3 Zrt."},"image":{"@id":"https:\/\/test.kartonpack.hu\/#\/schema\/logo\/image\/"},"sameAs":["https:\/\/www.facebook.com\/profile.php?id=100063640926339","https:\/\/www.linkedin.com\/company\/color-pack-co-\/"],"description":"A Color Pack Zrt. vil\u00e1gsz\u00ednvonal\u00fa nyomdai \u00e9s csomagol\u00f3ipari tervez\u0151 \u00e9s kivitelez\u0151i sszolg\u00e1ltat\u00e1s\u00e1t a magasan k\u00e9pzett szakembereink \u00e9s korszer\u0171 m\u0171szaki h\u00e1tter\u00fcnk teszi lehet\u0151v\u00e9. Elk\u00f6telezettek vagyunk amellett, hogy folyamatosan l\u00e9p\u00e9st tartsunk a fejl\u0151d\u00e9ssel, meg\u00fajuljunk, \u00e9s \u00e9len j\u00e1rjunk az \u00faj technol\u00f3gi\u00e1k, term\u00e9kek \u00e9s szolg\u00e1ltat\u00e1sok bevezet\u00e9s\u00e9ben \u2013 mindig partnereink ig\u00e9nyeihez igazodva.","email":"info@test.kartonpack.hu","telephone":"+36 (42) 433-845","legalName":"Color Pack Zrt.","foundingDate":"1990-12-18","taxID":"10470222-2-15","numberOfEmployees":{"@type":"QuantitativeValue","minValue":"51","maxValue":"200"}}]}},"_links":{"self":[{"href":"https:\/\/test.kartonpack.hu\/en\/wp-json\/wp\/v2\/pages\/471","targetHints":{"allow":["GET"]}}],"collection":[{"href":"https:\/\/test.kartonpack.hu\/en\/wp-json\/wp\/v2\/pages"}],"about":[{"href":"https:\/\/test.kartonpack.hu\/en\/wp-json\/wp\/v2\/types\/page"}],"author":[{"embeddable":true,"href":"https:\/\/test.kartonpack.hu\/en\/wp-json\/wp\/v2\/users\/1"}],"replies":[{"embeddable":true,"href":"https:\/\/test.kartonpack.hu\/en\/wp-json\/wp\/v2\/comments?post=471"}],"version-history":[{"count":50,"href":"https:\/\/test.kartonpack.hu\/en\/wp-json\/wp\/v2\/pages\/471\/revisions"}],"predecessor-version":[{"id":6327,"href":"https:\/\/test.kartonpack.hu\/en\/wp-json\/wp\/v2\/pages\/471\/revisions\/6327"}],"wp:attachment":[{"href":"https:\/\/test.kartonpack.hu\/en\/wp-json\/wp\/v2\/media?parent=471"}],"curies":[{"name":"wp","href":"https:\/\/api.w.org\/{rel}","templated":true}]}}