{"id":393,"date":"2024-02-29T12:32:36","date_gmt":"2024-02-29T12:32:36","guid":{"rendered":"https:\/\/colorpack.webforyou.dev\/?page_id=393"},"modified":"2025-10-21T06:35:57","modified_gmt":"2025-10-21T06:35:57","slug":"csomagolas-fejlesztes","status":"publish","type":"page","link":"https:\/\/test.kartonpack.hu\/en\/csomagolas-fejlesztes\/","title":{"rendered":"Csomagol\u00e1s Fejleszt\u00e9s"},"content":{"rendered":"<div data-elementor-type=\"wp-page\" data-elementor-id=\"393\" class=\"elementor elementor-393\" data-elementor-post-type=\"page\">\n\t\t\t\t<div class=\"elementor-element elementor-element-638dc11 e-flex e-con-boxed e-con e-parent\" data-id=\"638dc11\" data-element_type=\"container\" data-e-type=\"container\" data-settings=\"{&quot;background_background&quot;:&quot;classic&quot;,&quot;jet_parallax_layout_list&quot;:[]}\">\n\t\t\t\t\t<div class=\"e-con-inner\">\n\t\t\t\t<div class=\"elementor-element elementor-element-8973796 elementor-widget elementor-widget-heading\" data-id=\"8973796\" data-element_type=\"widget\" data-e-type=\"widget\" data-widget_type=\"heading.default\">\n\t\t\t\t<div class=\"elementor-widget-container\">\n\t\t\t\t\t<h2 class=\"elementor-heading-title elementor-size-default\">Csomagol\u00e1s fejleszt\u00e9s<\/h2>\t\t\t\t<\/div>\n\t\t\t\t<\/div>\n\t\t\t\t<div class=\"elementor-element elementor-element-d5e1532 elementor-widget elementor-widget-button\" data-id=\"d5e1532\" data-element_type=\"widget\" data-e-type=\"widget\" data-widget_type=\"button.default\">\n\t\t\t\t<div class=\"elementor-widget-container\">\n\t\t\t\t\t\t\t\t\t<div class=\"elementor-button-wrapper\">\n\t\t\t\t\t<a class=\"elementor-button elementor-button-link elementor-size-sm\" href=\"#\">\n\t\t\t\t\t\t<span class=\"elementor-button-content-wrapper\">\n\t\t\t\t\t\t\t\t\t<span class=\"elementor-button-text\">CONTACT<\/span>\n\t\t\t\t\t<\/span>\n\t\t\t\t\t<\/a>\n\t\t\t\t<\/div>\n\t\t\t\t\t\t\t\t<\/div>\n\t\t\t\t<\/div>\n\t\t\t\t\t<\/div>\n\t\t\t\t<\/div>\n\t\t<div class=\"elementor-element elementor-element-51d37a4 e-flex e-con-boxed e-con e-parent\" data-id=\"51d37a4\" data-element_type=\"container\" data-e-type=\"container\" data-settings=\"{&quot;jet_parallax_layout_list&quot;:[]}\">\n\t\t\t\t\t<div class=\"e-con-inner\">\n\t\t<div class=\"elementor-element elementor-element-ebee145 e-con-full e-flex e-con e-child\" data-id=\"ebee145\" data-element_type=\"container\" data-e-type=\"container\" data-settings=\"{&quot;jet_parallax_layout_list&quot;:[]}\">\n\t\t\t\t<div class=\"elementor-element elementor-element-7ba42b8 elementor-widget elementor-widget-heading\" data-id=\"7ba42b8\" data-element_type=\"widget\" data-e-type=\"widget\" data-widget_type=\"heading.default\">\n\t\t\t\t<div class=\"elementor-widget-container\">\n\t\t\t\t\t<h2 class=\"elementor-heading-title elementor-size-default\">Kutat\u00e1s \u00e9s Fejleszt\u00e9s<\/h2>\t\t\t\t<\/div>\n\t\t\t\t<\/div>\n\t\t\t\t<div class=\"elementor-element elementor-element-73ee2fc elementor-widget elementor-widget-text-editor\" data-id=\"73ee2fc\" data-element_type=\"widget\" data-e-type=\"widget\" data-widget_type=\"text-editor.default\">\n\t\t\t\t<div class=\"elementor-widget-container\">\n\t\t\t\t\t\t\t\t\t<p>A Color Pack m\u00e1r 30 \u00e9ve elk\u00f6telezett abban, hogy folyamatosan nyomon k\u00f6vesse \u00e9s elemezze az csomagol\u00e1si iparban zajl\u00f3 hatalmas v\u00e1ltoz\u00e1sokat mind form\u00e1juk, mind fajt\u00e1juk tekintet\u00e9ben. Az elm\u00falt \u00e9vtizedek sor\u00e1n leny\u0171g\u00f6z\u0151 fejl\u0151d\u00e9s t\u00f6rt\u00e9nt, \u00e9s messze vagyunk m\u00e1r att\u00f3l az id\u0151t\u0151l, amikor a &#8222;zs\u00edrpap\u00edr is j\u00f3 lesz&#8221; elve uralkodott \u00e9s az emberek sp\u00f3rol\u00f3s elk\u00e9pzel\u00e9sei vez\u00e9relt\u00e9k a csomagol\u00e1si d\u00f6nt\u00e9seiket. Ma m\u00e1r a Color Pack olyan innovat\u00edv csomagol\u00e1si megold\u00e1sokat t\u00e1mogat, amelyek nem csup\u00e1n a term\u00e9keket \u00f3vj\u00e1k, hanem a fenntarthat\u00f3s\u00e1gra \u00e9s az eszt\u00e9tik\u00e1ra is hangs\u00falyt fektetnek. Az ipar\u00e1g folyamatos fejl\u0151d\u00e9se \u00e9s a Color Pack elk\u00f6telezetts\u00e9ge a min\u0151s\u00e9gi csomagol\u00e1s mellett biztos\u00edtja, hogy mindig l\u00e9p\u00e9st tartson az \u00faj kih\u00edv\u00e1sokkal \u00e9s a fogyaszt\u00f3i ig\u00e9nyekkel.\u200b<\/p>\t\t\t\t\t\t\t\t<\/div>\n\t\t\t\t<\/div>\n\t\t\t\t<\/div>\n\t\t<div class=\"elementor-element elementor-element-aec6add e-con-full e-flex e-con e-child\" data-id=\"aec6add\" data-element_type=\"container\" data-e-type=\"container\" data-settings=\"{&quot;jet_parallax_layout_list&quot;:[]}\">\n\t\t<div class=\"elementor-element elementor-element-53032b0 e-con-full e-grid e-con e-child\" data-id=\"53032b0\" data-element_type=\"container\" data-e-type=\"container\" data-settings=\"{&quot;jet_parallax_layout_list&quot;:[]}\">\n\t\t\t\t<div class=\"elementor-element elementor-element-adc64fb elementor-widget-widescreen__width-auto elementor-widget elementor-widget-text-editor\" data-id=\"adc64fb\" data-element_type=\"widget\" data-e-type=\"widget\" data-widget_type=\"text-editor.default\">\n\t\t\t\t<div class=\"elementor-widget-container\">\n\t\t\t\t\t\t\t\t\t<p>C\u00e9g\u00fcnk eredetileg egyszer\u0171bb, sz\u0171kebb piacra sz\u00e1nt alap c\u00edmk\u00e9gy\u00e1rt\u00e1ssal kezdte meg tev\u00e9kenys\u00e9g\u00e9t. Az \u00e9vek sor\u00e1n azonban folyamatosan alkalmazkodtunk az \u00fcgyfelek ig\u00e9nyeihez \u00e9s a csomagol\u00e1strendek v\u00e1ltoz\u00e1saihoz. Ezen dinamikus fejl\u0151d\u00e9s eredm\u00e9nyek\u00e9nt nem csup\u00e1n g\u00e9pparkunkat \u00e9s pap\u00edr- valamint fest\u00e9kanyagainkat fejlesztett\u00fck tov\u00e1bb, hanem modelleinket \u00e9s term\u00e9keinket is a piaci elv\u00e1r\u00e1soknak megfelel\u0151en alak\u00edtottuk.<\/p><p>A c\u00e9g\u00fcnk sz\u00e1m\u00e1ra a meg\u00fajul\u00e1s sz\u00fcks\u00e9ges \u00e9s kih\u00edv\u00e1st jelent. Az \u00f6r\u00f6k\u00f6s fejl\u0151d\u00e9sre val\u00f3 v\u00e1gyunk lehet\u0151v\u00e9 teszi sz\u00e1munkra, hogy izgalmasan \u00e9s rugalmasan reag\u00e1ljunk az \u00fcgyfeleink egyedi k\u00e9r\u00e9seire \u00e9s csomagol\u00e1s\u00e1lmaira. Ez\u00e1ltal olyan term\u00e9keket \u00e9s szolg\u00e1ltat\u00e1sokat ny\u00fajtunk, amelyek nem csup\u00e1n k\u00f6vetik a piaci trendeket, hanem azokat meg is el\u0151zik.<\/p>\t\t\t\t\t\t\t\t<\/div>\n\t\t\t\t<\/div>\n\t\t\t\t<div class=\"elementor-element elementor-element-56b38d9 elementor-widget__width-auto elementor-widget-tablet__width-inherit elementor-widget-mobile__width-inherit elementor-widget elementor-widget-image\" data-id=\"56b38d9\" data-element_type=\"widget\" data-e-type=\"widget\" data-widget_type=\"image.default\">\n\t\t\t\t<div class=\"elementor-widget-container\">\n\t\t\t\t\t\t\t\t\t\t\t\t\t\t\t<img decoding=\"async\" width=\"2339\" height=\"1559\" src=\"https:\/\/test.kartonpack.hu\/wp-content\/uploads\/2025\/10\/Color-Pack-22.jpg\" class=\"attachment-full size-full wp-image-6286\" alt=\"\" srcset=\"https:\/\/test.kartonpack.hu\/wp-content\/uploads\/2025\/10\/Color-Pack-22.jpg 2339w, https:\/\/test.kartonpack.hu\/wp-content\/uploads\/2025\/10\/Color-Pack-22-300x200.jpg 300w, https:\/\/test.kartonpack.hu\/wp-content\/uploads\/2025\/10\/Color-Pack-22-1024x683.jpg 1024w, https:\/\/test.kartonpack.hu\/wp-content\/uploads\/2025\/10\/Color-Pack-22-768x512.jpg 768w, https:\/\/test.kartonpack.hu\/wp-content\/uploads\/2025\/10\/Color-Pack-22-1536x1024.jpg 1536w, https:\/\/test.kartonpack.hu\/wp-content\/uploads\/2025\/10\/Color-Pack-22-2048x1365.jpg 2048w, https:\/\/test.kartonpack.hu\/wp-content\/uploads\/2025\/10\/Color-Pack-22-18x12.jpg 18w\" sizes=\"(max-width: 2339px) 100vw, 2339px\" \/>\t\t\t\t\t\t\t\t\t\t\t\t\t\t\t<\/div>\n\t\t\t\t<\/div>\n\t\t\t\t<div class=\"elementor-element elementor-element-79d2b9a elementor-widget elementor-widget-text-editor\" data-id=\"79d2b9a\" data-element_type=\"widget\" data-e-type=\"widget\" data-widget_type=\"text-editor.default\">\n\t\t\t\t<div class=\"elementor-widget-container\">\n\t\t\t\t\t\t\t\t\t<p>C\u00e9g\u00fcnk munkat\u00e1rsai kiemelked\u0151 szakmai tud\u00e1ssal rendelkeznek, \u00e9s elk\u00f6telezettek az egyedi feladatok tervez\u00e9se \u00e9s fejleszt\u00e9se ir\u00e1nt. Az alkalmazottak magas szint\u0171 szak\u00e9rtelemmel \u00e9s precizit\u00e1ssal dolgoznak az \u00fcgyfelek elv\u00e1r\u00e1sainak maxim\u00e1lis kiel\u00e9g\u00edt\u00e9se \u00e9rdek\u00e9ben. \u00cdgy biztos\u00edtjuk, hogy a c\u00edmk\u00e9ink \u00e9s csomagol\u00e1saink mindig a legmagasabb min\u0151s\u00e9gi standardoknak feleljenek meg.<\/p>\t\t\t\t\t\t\t\t<\/div>\n\t\t\t\t<\/div>\n\t\t\t\t<\/div>\n\t\t\t\t<\/div>\n\t\t\t\t\t<\/div>\n\t\t\t\t<\/div>\n\t\t<div class=\"elementor-element elementor-element-56b6396 e-flex e-con-boxed e-con e-parent\" data-id=\"56b6396\" data-element_type=\"container\" data-e-type=\"container\" data-settings=\"{&quot;jet_parallax_layout_list&quot;:[]}\">\n\t\t\t\t\t<div class=\"e-con-inner\">\n\t\t<div class=\"elementor-element elementor-element-ad84e26 e-con-full e-flex e-con e-child\" data-id=\"ad84e26\" data-element_type=\"container\" data-e-type=\"container\" data-settings=\"{&quot;jet_parallax_layout_list&quot;:[]}\">\n\t\t\t\t<div class=\"elementor-element elementor-element-da2ba04 elementor-widget elementor-widget-heading\" data-id=\"da2ba04\" data-element_type=\"widget\" data-e-type=\"widget\" data-widget_type=\"heading.default\">\n\t\t\t\t<div class=\"elementor-widget-container\">\n\t\t\t\t\t<h2 class=\"elementor-heading-title elementor-size-default\">Why choose us?<\/h2>\t\t\t\t<\/div>\n\t\t\t\t<\/div>\n\t\t\t\t<div class=\"elementor-element elementor-element-ff08651 elementor-widget elementor-widget-text-editor\" data-id=\"ff08651\" data-element_type=\"widget\" data-e-type=\"widget\" data-widget_type=\"text-editor.default\">\n\t\t\t\t<div class=\"elementor-widget-container\">\n\t\t\t\t\t\t\t\t\t<p>We prioritise our partnerships through direct and personal contact, and pay special attention to the specific needs of our partners. Our guiding principle is to ensure that our clients' vision is fully realised; we offer packaging that reflects their business and values as they were originally conceived.<\/p><p>N\u00e1lunk lehet\u0151s\u00e9g van egyetlen helyen kifejezni \u00e9s megval\u00f3s\u00edtani csomagol\u00e1stechnikai terveiket \u00e9s elk\u00e9pzel\u00e9seiket. V\u00e1llalkoz\u00e1suk st\u00edlusa \u00e9s szem\u00e9lyis\u00e9ge t\u00f6k\u00e9letesen integr\u00e1l\u00f3dik az \u00e1ltalunk k\u00e9sz\u00edtett csomagol\u00e1sokba, hogy azok ne csak funkcionalit\u00e1sukban, de eszt\u00e9tikai szempontb\u00f3l is t\u00f6k\u00e9letesen illeszkedjenek az elv\u00e1r\u00e1saikhoz. Az elk\u00f6telezetts\u00e9g\u00fcnk a min\u0151s\u00e9g \u00e9s az egyedi ig\u00e9nyek kiel\u00e9g\u00edt\u00e9se fel\u00e9 teszi lehet\u0151v\u00e9, hogy \u00fcgyfeleink el\u00e9gedetten tekints\u00e9k \u00e1t csomagol\u00e1si megold\u00e1saikat.<\/p>\t\t\t\t\t\t\t\t<\/div>\n\t\t\t\t<\/div>\n\t\t\t\t<\/div>\n\t\t\t\t\t<\/div>\n\t\t\t\t<\/div>\n\t\t\t\t<\/div>","protected":false},"excerpt":{"rendered":"<p>Csomagol\u00e1s fejleszt\u00e9s KAPCSOLAT Kutat\u00e1s \u00e9s Fejleszt\u00e9s A Color Pack m\u00e1r 30 \u00e9ve elk\u00f6telezett abban, hogy folyamatosan nyomon k\u00f6vesse \u00e9s elemezze az csomagol\u00e1si iparban zajl\u00f3 hatalmas v\u00e1ltoz\u00e1sokat mind form\u00e1juk, mind fajt\u00e1juk tekintet\u00e9ben. Az elm\u00falt \u00e9vtizedek sor\u00e1n leny\u0171g\u00f6z\u0151 fejl\u0151d\u00e9s t\u00f6rt\u00e9nt, \u00e9s messze vagyunk m\u00e1r att\u00f3l az id\u0151t\u0151l, amikor a &#8222;zs\u00edrpap\u00edr is j\u00f3 lesz&#8221; elve uralkodott \u00e9s az [&hellip;]<\/p>\n","protected":false},"author":1,"featured_media":0,"parent":0,"menu_order":0,"comment_status":"closed","ping_status":"closed","template":"elementor_header_footer","meta":{"footnotes":""},"class_list":["post-393","page","type-page","status-publish","hentry"],"yoast_head":"<!-- This site is optimized with the Yoast SEO Premium plugin v28.3 (Yoast SEO v28.4) - https:\/\/yoast.com\/product\/yoast-seo-premium-wordpress\/ -->\n<title>Csomagol\u00e1s Fejleszt\u00e9s - Kartonpack<\/title>\n<meta name=\"description\" content=\"Kartonpack - A Color Pack Zrt.-n\u00e9l a csomagol\u00e1s t\u00f6bb mint egy doboz. Innov\u00e1ci\u00f3, fenntarthat\u00f3s\u00e1g \u00e9s \u00e9vtizedes szak\u00e9rtelem minden egyes term\u00e9k\u00fcnkben. Megb\u00edzhat\u00f3 csomagol\u00e1stechnikai megold\u00e1sokat k\u00edn\u00e1lunk az \u00e9lelmiszer-, non-food \u00e9s gy\u00f3gyszeripar sz\u00e1m\u00e1ra.1\" \/>\n<meta name=\"robots\" content=\"index, follow, max-snippet:-1, max-image-preview:large, max-video-preview:-1\" \/>\n<link rel=\"canonical\" href=\"https:\/\/test.kartonpack.hu\/en\/csomagolas-fejlesztes\/\" \/>\n<meta property=\"og:locale\" content=\"en_US\" \/>\n<meta property=\"og:type\" content=\"article\" \/>\n<meta property=\"og:title\" content=\"Csomagol\u00e1s Fejleszt\u00e9s - Kartonpack\" \/>\n<meta property=\"og:description\" content=\"Kartonpack - A Color Pack Zrt.-n\u00e9l a csomagol\u00e1s t\u00f6bb mint egy doboz. Innov\u00e1ci\u00f3, fenntarthat\u00f3s\u00e1g \u00e9s \u00e9vtizedes szak\u00e9rtelem minden egyes term\u00e9k\u00fcnkben. Megb\u00edzhat\u00f3 csomagol\u00e1stechnikai megold\u00e1sokat k\u00edn\u00e1lunk az \u00e9lelmiszer-, non-food \u00e9s gy\u00f3gyszeripar sz\u00e1m\u00e1ra.1\" \/>\n<meta property=\"og:url\" content=\"https:\/\/test.kartonpack.hu\/en\/csomagolas-fejlesztes\/\" \/>\n<meta property=\"og:site_name\" content=\"Kartonpack\" \/>\n<meta property=\"article:publisher\" content=\"https:\/\/www.facebook.com\/profile.php?id=100063640926339\" \/>\n<meta property=\"article:modified_time\" content=\"2025-10-21T06:35:57+00:00\" \/>\n<meta property=\"og:image\" content=\"https:\/\/test.kartonpack.hu\/wp-content\/uploads\/2025\/10\/Color-Pack-22.jpg\" \/>\n<meta name=\"twitter:card\" content=\"summary_large_image\" \/>\n<meta name=\"twitter:label1\" content=\"Est. reading time\" \/>\n\t<meta name=\"twitter:data1\" content=\"3 minutes\" \/>\n<script type=\"application\/ld+json\" class=\"yoast-schema-graph\">{\"@context\":\"https:\\\/\\\/schema.org\",\"@graph\":[{\"@type\":\"WebPage\",\"@id\":\"https:\\\/\\\/test.kartonpack.hu\\\/csomagolas-fejlesztes\\\/\",\"url\":\"https:\\\/\\\/test.kartonpack.hu\\\/csomagolas-fejlesztes\\\/\",\"name\":\"Csomagol\u00e1s Fejleszt\u00e9s - Kartonpack\",\"isPartOf\":{\"@id\":\"https:\\\/\\\/test.kartonpack.hu\\\/#website\"},\"primaryImageOfPage\":{\"@id\":\"https:\\\/\\\/test.kartonpack.hu\\\/csomagolas-fejlesztes\\\/#primaryimage\"},\"image\":{\"@id\":\"https:\\\/\\\/test.kartonpack.hu\\\/csomagolas-fejlesztes\\\/#primaryimage\"},\"thumbnailUrl\":\"https:\\\/\\\/test.kartonpack.hu\\\/wp-content\\\/uploads\\\/2025\\\/10\\\/Color-Pack-22.jpg\",\"datePublished\":\"2024-02-29T12:32:36+00:00\",\"dateModified\":\"2025-10-21T06:35:57+00:00\",\"description\":\"Kartonpack - A Color Pack Zrt.-n\u00e9l a csomagol\u00e1s t\u00f6bb mint egy doboz. Innov\u00e1ci\u00f3, fenntarthat\u00f3s\u00e1g \u00e9s \u00e9vtizedes szak\u00e9rtelem minden egyes term\u00e9k\u00fcnkben. Megb\u00edzhat\u00f3 csomagol\u00e1stechnikai megold\u00e1sokat k\u00edn\u00e1lunk az \u00e9lelmiszer-, non-food \u00e9s gy\u00f3gyszeripar sz\u00e1m\u00e1ra.1\",\"breadcrumb\":{\"@id\":\"https:\\\/\\\/test.kartonpack.hu\\\/csomagolas-fejlesztes\\\/#breadcrumb\"},\"inLanguage\":\"en-US\",\"potentialAction\":[{\"@type\":\"ReadAction\",\"target\":[\"https:\\\/\\\/test.kartonpack.hu\\\/csomagolas-fejlesztes\\\/\"]}]},{\"@type\":\"ImageObject\",\"inLanguage\":\"en-US\",\"@id\":\"https:\\\/\\\/test.kartonpack.hu\\\/csomagolas-fejlesztes\\\/#primaryimage\",\"url\":\"https:\\\/\\\/test.kartonpack.hu\\\/wp-content\\\/uploads\\\/2025\\\/10\\\/Color-Pack-22.jpg\",\"contentUrl\":\"https:\\\/\\\/test.kartonpack.hu\\\/wp-content\\\/uploads\\\/2025\\\/10\\\/Color-Pack-22.jpg\"},{\"@type\":\"BreadcrumbList\",\"@id\":\"https:\\\/\\\/test.kartonpack.hu\\\/csomagolas-fejlesztes\\\/#breadcrumb\",\"itemListElement\":[{\"@type\":\"ListItem\",\"position\":1,\"name\":\"Kezd\u0151lap\",\"item\":\"https:\\\/\\\/test.kartonpack.hu\\\/\"},{\"@type\":\"ListItem\",\"position\":2,\"name\":\"Csomagol\u00e1s Fejleszt\u00e9s\"}]},{\"@type\":\"WebSite\",\"@id\":\"https:\\\/\\\/test.kartonpack.hu\\\/#website\",\"url\":\"https:\\\/\\\/test.kartonpack.hu\\\/\",\"name\":\"Color Pack\",\"description\":\"Dobozipari Z\u00e1rtk\u00f6r\u0171en M\u0171k\u00f6d\u0151 R\u00e9szv\u00e9nyt\u00e1rsas\u00e1g\",\"publisher\":{\"@id\":\"https:\\\/\\\/test.kartonpack.hu\\\/#organization\"},\"potentialAction\":[{\"@type\":\"SearchAction\",\"target\":{\"@type\":\"EntryPoint\",\"urlTemplate\":\"https:\\\/\\\/test.kartonpack.hu\\\/?s={search_term_string}\"},\"query-input\":{\"@type\":\"PropertyValueSpecification\",\"valueRequired\":true,\"valueName\":\"search_term_string\"}}],\"inLanguage\":\"en-US\"},{\"@type\":\"Organization\",\"@id\":\"https:\\\/\\\/test.kartonpack.hu\\\/#organization\",\"name\":\"Color Pack Nyomdaipari \u00e9s Csomagol\u00f3anyag Gy\u00e1rt\u00f3 Zrt.\",\"url\":\"https:\\\/\\\/test.kartonpack.hu\\\/\",\"logo\":{\"@type\":\"ImageObject\",\"inLanguage\":\"en-US\",\"@id\":\"https:\\\/\\\/test.kartonpack.hu\\\/#\\\/schema\\\/logo\\\/image\\\/\",\"url\":\"https:\\\/\\\/test.kartonpack.hu\\\/wp-content\\\/uploads\\\/2026\\\/08\\\/kartonpack_logo-yellow.svg\",\"contentUrl\":\"https:\\\/\\\/test.kartonpack.hu\\\/wp-content\\\/uploads\\\/2026\\\/08\\\/kartonpack_logo-yellow.svg\",\"width\":418.80000000000001136868377216160297393798828125,\"height\":50.89999999999999857891452847979962825775146484375,\"caption\":\"Color Pack Nyomdaipari \u00e9s Csomagol\u00f3anyag Gy\u00e1rt\u00f3 Zrt.\"},\"image\":{\"@id\":\"https:\\\/\\\/test.kartonpack.hu\\\/#\\\/schema\\\/logo\\\/image\\\/\"},\"sameAs\":[\"https:\\\/\\\/www.facebook.com\\\/profile.php?id=100063640926339\",\"https:\\\/\\\/www.linkedin.com\\\/company\\\/color-pack-co-\\\/\"],\"description\":\"A Color Pack Zrt. vil\u00e1gsz\u00ednvonal\u00fa nyomdai \u00e9s csomagol\u00f3ipari tervez\u0151 \u00e9s kivitelez\u0151i sszolg\u00e1ltat\u00e1s\u00e1t a magasan k\u00e9pzett szakembereink \u00e9s korszer\u0171 m\u0171szaki h\u00e1tter\u00fcnk teszi lehet\u0151v\u00e9. Elk\u00f6telezettek vagyunk amellett, hogy folyamatosan l\u00e9p\u00e9st tartsunk a fejl\u0151d\u00e9ssel, meg\u00fajuljunk, \u00e9s \u00e9len j\u00e1rjunk az \u00faj technol\u00f3gi\u00e1k, term\u00e9kek \u00e9s szolg\u00e1ltat\u00e1sok bevezet\u00e9s\u00e9ben \u2013 mindig partnereink ig\u00e9nyeihez igazodva.\",\"email\":\"info@test.kartonpack.hu\",\"telephone\":\"+36 (42) 433-845\",\"legalName\":\"Color Pack Zrt.\",\"foundingDate\":\"1990-12-18\",\"taxID\":\"10470222-2-15\",\"numberOfEmployees\":{\"@type\":\"QuantitativeValue\",\"minValue\":\"51\",\"maxValue\":\"200\"}}]}<\/script>\n<!-- \/ Yoast SEO Premium plugin. -->","yoast_head_json":{"title":"Csomagol\u00e1s Fejleszt\u00e9s - Kartonpack","description":"Kartonpack - A Color Pack Zrt.-n\u00e9l a csomagol\u00e1s t\u00f6bb mint egy doboz. Innov\u00e1ci\u00f3, fenntarthat\u00f3s\u00e1g \u00e9s \u00e9vtizedes szak\u00e9rtelem minden egyes term\u00e9k\u00fcnkben. Megb\u00edzhat\u00f3 csomagol\u00e1stechnikai megold\u00e1sokat k\u00edn\u00e1lunk az \u00e9lelmiszer-, non-food \u00e9s gy\u00f3gyszeripar sz\u00e1m\u00e1ra.1","robots":{"index":"index","follow":"follow","max-snippet":"max-snippet:-1","max-image-preview":"max-image-preview:large","max-video-preview":"max-video-preview:-1"},"canonical":"https:\/\/test.kartonpack.hu\/en\/csomagolas-fejlesztes\/","og_locale":"en_US","og_type":"article","og_title":"Csomagol\u00e1s Fejleszt\u00e9s - Kartonpack","og_description":"Kartonpack - A Color Pack Zrt.-n\u00e9l a csomagol\u00e1s t\u00f6bb mint egy doboz. Innov\u00e1ci\u00f3, fenntarthat\u00f3s\u00e1g \u00e9s \u00e9vtizedes szak\u00e9rtelem minden egyes term\u00e9k\u00fcnkben. Megb\u00edzhat\u00f3 csomagol\u00e1stechnikai megold\u00e1sokat k\u00edn\u00e1lunk az \u00e9lelmiszer-, non-food \u00e9s gy\u00f3gyszeripar sz\u00e1m\u00e1ra.1","og_url":"https:\/\/test.kartonpack.hu\/en\/csomagolas-fejlesztes\/","og_site_name":"Kartonpack","article_publisher":"https:\/\/www.facebook.com\/profile.php?id=100063640926339","article_modified_time":"2025-10-21T06:35:57+00:00","og_image":[{"url":"https:\/\/test.kartonpack.hu\/wp-content\/uploads\/2025\/10\/Color-Pack-22.jpg","type":"","width":"","height":""}],"twitter_card":"summary_large_image","twitter_misc":{"Est. reading time":"3 minutes"},"schema":{"@context":"https:\/\/schema.org","@graph":[{"@type":"WebPage","@id":"https:\/\/test.kartonpack.hu\/csomagolas-fejlesztes\/","url":"https:\/\/test.kartonpack.hu\/csomagolas-fejlesztes\/","name":"Csomagol\u00e1s Fejleszt\u00e9s - Kartonpack","isPartOf":{"@id":"https:\/\/test.kartonpack.hu\/#website"},"primaryImageOfPage":{"@id":"https:\/\/test.kartonpack.hu\/csomagolas-fejlesztes\/#primaryimage"},"image":{"@id":"https:\/\/test.kartonpack.hu\/csomagolas-fejlesztes\/#primaryimage"},"thumbnailUrl":"https:\/\/test.kartonpack.hu\/wp-content\/uploads\/2025\/10\/Color-Pack-22.jpg","datePublished":"2024-02-29T12:32:36+00:00","dateModified":"2025-10-21T06:35:57+00:00","description":"Kartonpack - A Color Pack Zrt.-n\u00e9l a csomagol\u00e1s t\u00f6bb mint egy doboz. Innov\u00e1ci\u00f3, fenntarthat\u00f3s\u00e1g \u00e9s \u00e9vtizedes szak\u00e9rtelem minden egyes term\u00e9k\u00fcnkben. Megb\u00edzhat\u00f3 csomagol\u00e1stechnikai megold\u00e1sokat k\u00edn\u00e1lunk az \u00e9lelmiszer-, non-food \u00e9s gy\u00f3gyszeripar sz\u00e1m\u00e1ra.1","breadcrumb":{"@id":"https:\/\/test.kartonpack.hu\/csomagolas-fejlesztes\/#breadcrumb"},"inLanguage":"en-US","potentialAction":[{"@type":"ReadAction","target":["https:\/\/test.kartonpack.hu\/csomagolas-fejlesztes\/"]}]},{"@type":"ImageObject","inLanguage":"en-US","@id":"https:\/\/test.kartonpack.hu\/csomagolas-fejlesztes\/#primaryimage","url":"https:\/\/test.kartonpack.hu\/wp-content\/uploads\/2025\/10\/Color-Pack-22.jpg","contentUrl":"https:\/\/test.kartonpack.hu\/wp-content\/uploads\/2025\/10\/Color-Pack-22.jpg"},{"@type":"BreadcrumbList","@id":"https:\/\/test.kartonpack.hu\/csomagolas-fejlesztes\/#breadcrumb","itemListElement":[{"@type":"ListItem","position":1,"name":"Kezd\u0151lap","item":"https:\/\/test.kartonpack.hu\/"},{"@type":"ListItem","position":2,"name":"Csomagol\u00e1s Fejleszt\u00e9s"}]},{"@type":"WebSite","@id":"https:\/\/test.kartonpack.hu\/#website","url":"https:\/\/test.kartonpack.hu\/","name":"Color Pack","description":"Dobozipari Z\u00e1rtk\u00f6r\u0171en M\u0171k\u00f6d\u0151 R\u00e9szv\u00e9nyt\u00e1rsas\u00e1g","publisher":{"@id":"https:\/\/test.kartonpack.hu\/#organization"},"potentialAction":[{"@type":"SearchAction","target":{"@type":"EntryPoint","urlTemplate":"https:\/\/test.kartonpack.hu\/?s={search_term_string}"},"query-input":{"@type":"PropertyValueSpecification","valueRequired":true,"valueName":"search_term_string"}}],"inLanguage":"en-US"},{"@type":"Organization","@id":"https:\/\/test.kartonpack.hu\/#organization","name":"Color Pack Nyomdaipari \u00e9s Csackol\u00f3anyag Gy\u00e1rt\u00f3 Zrt.","url":"https:\/\/test.kartonpack.hu\/","logo":{"@type":"ImageObject","inLanguage":"en-US","@id":"https:\/\/test.kartonpack.hu\/#\/schema\/logo\/image\/","url":"https:\/\/test.kartonpack.hu\/wp-content\/uploads\/2026\/08\/kartonpack_logo-yellow.svg","contentUrl":"https:\/\/test.kartonpack.hu\/wp-content\/uploads\/2026\/08\/kartonpack_logo-yellow.svg","width":418.80000000000001136868377216160297393798828125,"height":50.89999999999999857891452847979962825775146484375,"caption":"Color Pack Nyomdaipari \u00e9s Csomagol\u00f3anyag Gy\u00e1rt\u00f3 Zrt."},"image":{"@id":"https:\/\/test.kartonpack.hu\/#\/schema\/logo\/image\/"},"sameAs":["https:\/\/www.facebook.com\/profile.php?id=100063640926339","https:\/\/www.linkedin.com\/company\/color-pack-co-\/"],"description":"A Color Pack Zrt. vil\u00e1gsz\u00ednvonal\u00fa nyomdai \u00e9s csomagol\u00f3ipari tervez\u0151 \u00e9s kivitelez\u0151i sszolg\u00e1ltat\u00e1s\u00e1t a magasan k\u00e9pzett szakembereink \u00e9s korszer\u0171 m\u0171szaki h\u00e1tter\u00fcnk teszi lehet\u0151v\u00e9. Elk\u00f6telezettek vagyunk amellett, hogy folyamatosan l\u00e9p\u00e9st tartsunk a fejl\u0151d\u00e9ssel, meg\u00fajuljunk, \u00e9s \u00e9len j\u00e1rjunk az \u00faj technol\u00f3gi\u00e1k, term\u00e9kek \u00e9s szolg\u00e1ltat\u00e1sok bevezet\u00e9s\u00e9ben \u2013 mindig partnereink ig\u00e9nyeihez igazodva.","email":"info@test.kartonpack.hu","telephone":"+36 (42) 433-845","legalName":"Color Pack Zrt.","foundingDate":"1990-12-18","taxID":"10470222-2-15","numberOfEmployees":{"@type":"QuantitativeValue","minValue":"51","maxValue":"200"}}]}},"_links":{"self":[{"href":"https:\/\/test.kartonpack.hu\/en\/wp-json\/wp\/v2\/pages\/393","targetHints":{"allow":["GET"]}}],"collection":[{"href":"https:\/\/test.kartonpack.hu\/en\/wp-json\/wp\/v2\/pages"}],"about":[{"href":"https:\/\/test.kartonpack.hu\/en\/wp-json\/wp\/v2\/types\/page"}],"author":[{"embeddable":true,"href":"https:\/\/test.kartonpack.hu\/en\/wp-json\/wp\/v2\/users\/1"}],"replies":[{"embeddable":true,"href":"https:\/\/test.kartonpack.hu\/en\/wp-json\/wp\/v2\/comments?post=393"}],"version-history":[{"count":107,"href":"https:\/\/test.kartonpack.hu\/en\/wp-json\/wp\/v2\/pages\/393\/revisions"}],"predecessor-version":[{"id":6309,"href":"https:\/\/test.kartonpack.hu\/en\/wp-json\/wp\/v2\/pages\/393\/revisions\/6309"}],"wp:attachment":[{"href":"https:\/\/test.kartonpack.hu\/en\/wp-json\/wp\/v2\/media?parent=393"}],"curies":[{"name":"wp","href":"https:\/\/api.w.org\/{rel}","templated":true}]}}